{"id":275,"date":"2018-08-19T14:49:17","date_gmt":"2018-08-19T12:49:17","guid":{"rendered":"https:\/\/aargauermuslime.ch\/de\/2018\/08\/19\/moscheen-im-aargau\/"},"modified":"2025-05-25T21:44:03","modified_gmt":"2025-05-25T19:44:03","slug":"moscheen-im-aargau","status":"publish","type":"page","link":"https:\/\/aargauermuslime.ch\/de\/ueber-uns\/moscheen-im-aargau\/","title":{"rendered":"Moscheen im Aargau"},"content":{"rendered":"<h2><img loading=\"lazy\" decoding=\"async\" class=\"aligncenter wp-image-747 size-full\" src=\"https:\/\/aargauermuslime.ch\/de\/wp-content\/uploads\/2018\/08\/images_Bilder_Moschee_Wohlen-e1574411133284.jpg\" alt=\"\" width=\"2560\" height=\"1248\" srcset=\"https:\/\/aargauermuslime.ch\/de\/wp-content\/uploads\/2018\/08\/images_Bilder_Moschee_Wohlen-e1574411133284.jpg 2560w, https:\/\/aargauermuslime.ch\/de\/wp-content\/uploads\/2018\/08\/images_Bilder_Moschee_Wohlen-e1574411133284-1280x720.jpg 1280w, https:\/\/aargauermuslime.ch\/de\/wp-content\/uploads\/2018\/08\/images_Bilder_Moschee_Wohlen-e1574411133284-980x551.jpg 980w, https:\/\/aargauermuslime.ch\/de\/wp-content\/uploads\/2018\/08\/images_Bilder_Moschee_Wohlen-e1574411133284-480x270.jpg 480w\" sizes=\"(min-width: 0px) and (max-width: 480px) 480px, (min-width: 481px) and (max-width: 980px) 980px, (min-width: 981px) and (max-width: 1280px) 1280px, (min-width: 1281px) 2560px, 100vw\" \/><\/h2>\n<h2>&nbsp;<\/h2>\n<h2>VAM-Mitgliedsmoscheen<\/h2>\n<table style=\"width: 76.951%; height: 529px;\">\n<thead>\n<tr style=\"height: 23px;\">\n<td style=\"width: 329px; height: 23px; background-color: #b8defc;\"><span style=\"font-family: verdana, geneva, sans-serif; font-size: 10pt;\"><strong>Name<\/strong><\/span><\/td>\n<td style=\"width: 159px; height: 23px; background-color: #b8defc;\"><span style=\"font-family: verdana, geneva, sans-serif; font-size: 10pt;\"><strong>Strasse<\/strong><\/span><\/td>\n<td style=\"width: 39px; height: 23px; background-color: #b8defc;\"><span style=\"font-family: verdana, geneva, sans-serif; font-size: 10pt;\"><strong>Nr.<\/strong><\/span><\/td>\n<td style=\"width: 61px; height: 23px; background-color: #b8defc;\"><span style=\"font-family: verdana, geneva, sans-serif; font-size: 10pt;\"><strong>PLZ<\/strong><\/span><\/td>\n<td style=\"width: 119px; height: 23px; background-color: #b8defc;\"><span style=\"font-family: verdana, geneva, sans-serif; font-size: 10pt;\"><strong>Ort<\/strong><\/span><\/td>\n<\/tr>\n<\/thead>\n<tbody>\n<tr style=\"height: 23px;\">\n<td style=\"height: 23px;\"><span style=\"font-family: verdana, geneva; font-size: 10pt;\">Gr\u00fcne Moschee<\/span><\/td>\n<td style=\"height: 23px;\"><span style=\"font-family: verdana, geneva; font-size: 10pt;\">Oltnerstrasse<\/span><\/td>\n<td style=\"height: 23px;\"><span style=\"font-family: verdana, geneva; font-size: 10pt;\">84<\/span><\/td>\n<td style=\"height: 23px;\"><span style=\"font-family: verdana, geneva; font-size: 10pt;\">4663<\/span><\/td>\n<td style=\"height: 23px;\"><span style=\"font-family: verdana, geneva; font-size: 10pt;\">Aarburg<\/span><\/td>\n<\/tr>\n<tr style=\"height: 23px;\">\n<td style=\"height: 23px;\"><span style=\"font-family: verdana, geneva; font-size: 10pt;\">Weisse Moschee<\/span><\/td>\n<td style=\"height: 23px;\"><span style=\"font-family: verdana, geneva; font-size: 10pt;\">Feldstrasse<\/span><\/td>\n<td style=\"height: 23px;\"><span style=\"font-family: verdana, geneva; font-size: 10pt;\">14<\/span><\/td>\n<td style=\"height: 23px;\"><span style=\"font-family: verdana, geneva; font-size: 10pt;\">4663<\/span><\/td>\n<td style=\"height: 23px;\"><span style=\"font-family: verdana, geneva; font-size: 10pt;\">Aarburg<\/span><\/td>\n<\/tr>\n<tr style=\"height: 23px;\">\n<td style=\"height: 23px;\"><span style=\"font-family: verdana, geneva; font-size: 10pt;\">Islamische Gemeinschaft Fricktal<\/span><\/td>\n<td style=\"height: 23px;\"><span style=\"font-family: verdana, geneva; font-size: 10pt;\">Heuigstrasse<\/span><\/td>\n<td style=\"height: 23px;\"><span style=\"font-family: verdana, geneva; font-size: 10pt;\">4<\/span><\/td>\n<td style=\"height: 23px;\"><span style=\"font-family: verdana, geneva; font-size: 10pt;\">5076<\/span><\/td>\n<td style=\"height: 23px;\"><span style=\"font-family: verdana, geneva; font-size: 10pt;\">B\u00f6zen<\/span><\/td>\n<\/tr>\n<tr style=\"height: 23px;\">\n<td style=\"height: 23px;\"><span style=\"font-family: verdana, geneva; font-size: 10pt;\">Verband Islamischer Kulturzentren<\/span><\/td>\n<td style=\"height: 23px;\"><span style=\"font-family: verdana, geneva; font-size: 10pt;\">Aarauerstrasse<\/span><\/td>\n<td style=\"height: 23px;\"><span style=\"font-family: verdana, geneva; font-size: 10pt;\">96b<\/span><\/td>\n<td style=\"height: 23px;\"><span style=\"font-family: verdana, geneva; font-size: 10pt;\">5200<\/span><\/td>\n<td style=\"height: 23px;\"><span style=\"font-family: verdana, geneva; font-size: 10pt;\">Brugg<\/span><\/td>\n<\/tr>\n<tr style=\"height: 23px;\">\n<td style=\"height: 23px;\"><span style=\"font-family: verdana, geneva; font-size: 10pt;\">Verband Islamischer Kulturzentren<\/span><\/td>\n<td style=\"height: 23px;\"><span style=\"font-family: verdana, geneva; font-size: 10pt;\">Aarauerstrasse<\/span><\/td>\n<td style=\"height: 23px;\"><span style=\"font-family: verdana, geneva; font-size: 10pt;\">6A<br \/>\n<\/span><\/td>\n<td style=\"height: 23px;\"><span style=\"font-family: verdana, geneva; font-size: 10pt;\">5033<br \/>\n<\/span><\/td>\n<td style=\"height: 23px;\"><span style=\"font-family: verdana, geneva; font-size: 10pt;\">Buchs<br \/>\n<\/span><\/td>\n<\/tr>\n<tr style=\"height: 23px;\">\n<td style=\"height: 23px;\"><span style=\"font-family: verdana, geneva; font-size: 10pt;\">T\u00fcrkisch-Islamischer Verein Aarau<\/span><\/td>\n<td style=\"height: 23px;\"><span style=\"font-family: verdana, geneva; font-size: 10pt;\">Brummelstrasse<\/span><\/td>\n<td style=\"height: 23px;\"><span style=\"font-family: verdana, geneva; font-size: 10pt;\">2<\/span><\/td>\n<td style=\"height: 23px;\"><span style=\"font-family: verdana, geneva; font-size: 10pt;\">5033<\/span><\/td>\n<td style=\"height: 23px;\"><span style=\"font-family: verdana, geneva; font-size: 10pt;\">Buchs<\/span><\/td>\n<\/tr>\n<tr style=\"height: 23px;\">\n<td style=\"height: 23px;\"><span style=\"font-family: verdana, geneva; font-size: 10pt;\">T\u00fcrkischer Kulturverein &#8211; T\u00fcrk K\u00fclt\u00fcr Vakfi<\/span><\/td>\n<td style=\"height: 23px;\"><span style=\"font-family: verdana, geneva; font-size: 10pt;\">Hauptstrasse<\/span><\/td>\n<td style=\"height: 23px;\"><span style=\"font-family: verdana, geneva; font-size: 10pt;\">5<\/span><\/td>\n<td style=\"height: 23px;\"><span style=\"font-family: verdana, geneva; font-size: 10pt;\">5312<\/span><\/td>\n<td style=\"height: 23px;\"><span style=\"font-family: verdana, geneva; font-size: 10pt;\">D\u00f6ttingen<\/span><\/td>\n<\/tr>\n<tr style=\"height: 23px;\">\n<td style=\"height: 23px;\"><span style=\"font-family: verdana, geneva; font-size: 10pt;\">Islamisch-Albanische Gemeinschaft<\/span><\/td>\n<td style=\"height: 23px;\"><span style=\"font-family: verdana, geneva; font-size: 10pt;\">Landstrasse<\/span><\/td>\n<td style=\"height: 23px;\"><span style=\"font-family: verdana, geneva; font-size: 10pt;\">3<\/span><\/td>\n<td style=\"height: 23px;\"><span style=\"font-family: verdana, geneva; font-size: 10pt;\">5412<\/span><\/td>\n<td style=\"height: 23px;\"><span style=\"font-family: verdana, geneva; font-size: 10pt;\">Gebenstorf<\/span><\/td>\n<\/tr>\n<tr style=\"height: 23px;\">\n<td style=\"height: 23px;\"><span style=\"font-family: verdana, geneva; font-size: 10pt;\">Dzemat der Islam. Gem. Bosniens&nbsp;<\/span><\/td>\n<td style=\"height: 23px;\">G\u00fctschhalde<\/td>\n<td style=\"height: 23px;\"><span style=\"font-family: verdana, geneva; font-size: 10pt;\">1<\/span><\/td>\n<td style=\"height: 23px;\"><span style=\"font-family: verdana, geneva; font-size: 10pt;\">5322<\/span><\/td>\n<td style=\"height: 23px;\"><span style=\"font-family: verdana, geneva; font-size: 10pt;\">Koblenz<\/span><\/td>\n<\/tr>\n<tr style=\"height: 23px;\">\n<td style=\"height: 23px;\"><span style=\"font-family: verdana, geneva; font-size: 10pt;\">Islamisch-Albanische Gemeinschaft<\/span><\/td>\n<td style=\"height: 23px;\"><span style=\"font-family: verdana, geneva; font-size: 10pt;\">Niederlenzerstrasse<\/span><\/td>\n<td style=\"height: 23px;\"><span style=\"font-family: verdana, geneva; font-size: 10pt;\">29<\/span><\/td>\n<td style=\"height: 23px;\"><span style=\"font-family: verdana, geneva; font-size: 10pt;\">5600<\/span><\/td>\n<td style=\"height: 23px;\"><span style=\"font-family: verdana, geneva; font-size: 10pt;\">Lenzburg<\/span><\/td>\n<\/tr>\n<tr style=\"height: 23px;\">\n<td style=\"height: 23px;\"><span style=\"font-family: verdana, geneva; font-size: 10pt;\">Ashabi-Dzami<\/span><\/td>\n<td style=\"height: 23px;\"><span style=\"font-family: verdana, geneva; font-size: 10pt;\">S\u00e4gestrasse<\/span><\/td>\n<td style=\"height: 23px;\">&nbsp;<\/td>\n<td style=\"height: 23px;\"><span style=\"font-family: verdana, geneva; font-size: 10pt;\">5600<\/span><\/td>\n<td style=\"height: 23px;\"><span style=\"font-family: verdana, geneva; font-size: 10pt;\">Lenzburg<\/span><\/td>\n<\/tr>\n<tr style=\"height: 23px;\">\n<td style=\"height: 23px;\"><span style=\"font-family: verdana, geneva; font-size: 10pt;\">Verband Islamischer Kulturzentren<\/span><\/td>\n<td style=\"height: 23px;\"><span style=\"font-family: verdana, geneva; font-size: 10pt;\">Althofstrasse<\/span><\/td>\n<td style=\"height: 23px;\"><span style=\"font-family: verdana, geneva; font-size: 10pt;\">3<\/span><\/td>\n<td style=\"height: 23px;\"><span style=\"font-family: verdana, geneva; font-size: 10pt;\">5432<\/span><\/td>\n<td style=\"height: 23px;\"><span style=\"font-family: verdana, geneva; font-size: 10pt;\">Neuenhof<\/span><\/td>\n<\/tr>\n<tr style=\"height: 23px;\">\n<td style=\"height: 23px;\"><span style=\"font-family: verdana, geneva; font-size: 10pt;\">Ehli Beyt Camii<\/span><\/td>\n<td style=\"height: 23px;\"><span style=\"font-family: verdana, geneva; font-size: 10pt;\">Industriestrasse<\/span><\/td>\n<td style=\"height: 23px;\"><span style=\"font-family: verdana, geneva; font-size: 10pt;\">3<\/span><\/td>\n<td style=\"height: 23px;\"><span style=\"font-family: verdana, geneva; font-size: 10pt;\">5702<\/span><\/td>\n<td style=\"height: 23px;\"><span style=\"font-family: verdana, geneva; font-size: 10pt;\">Niederlenz<\/span><\/td>\n<\/tr>\n<tr style=\"height: 23px;\">\n<td style=\"height: 23px;\"><span style=\"font-family: verdana, geneva; font-size: 10pt;\">Dzemat der Islam. Gem. Bosniens&nbsp;<\/span><\/td>\n<td style=\"height: 23px;\"><span style=\"font-family: verdana, geneva; font-size: 10pt;\">Aarauerstrasse<\/span><\/td>\n<td style=\"height: 23px;\"><span style=\"font-family: verdana, geneva; font-size: 10pt;\">57<\/span><\/td>\n<td style=\"height: 23px;\"><span style=\"font-family: verdana, geneva; font-size: 10pt;\">5036<\/span><\/td>\n<td style=\"height: 23px;\"><span style=\"font-family: verdana, geneva; font-size: 10pt;\">Oberentfelden<\/span><\/td>\n<\/tr>\n<tr style=\"height: 23px;\">\n<td style=\"height: 23px;\"><span style=\"font-family: verdana, geneva; font-size: 10pt;\">Albanisch-Islamische Gemeinschaft (Tulipan)<br \/>\n<\/span><\/td>\n<td style=\"height: 23px;\"><span style=\"font-family: verdana, geneva, sans-serif; font-size: 10pt;\">Mattenfeldstrasse<\/span><\/td>\n<td style=\"height: 23px;\"><span style=\"font-family: verdana, geneva; font-size: 10pt;\">5<\/span><\/td>\n<td style=\"height: 23px;\"><span style=\"font-family: verdana, geneva; font-size: 10pt;\">5734<\/span><\/td>\n<td style=\"height: 23px;\"><span style=\"font-family: verdana, geneva; font-size: 10pt;\">Reinach<\/span><\/td>\n<\/tr>\n<tr style=\"height: 23px;\">\n<td style=\"height: 23px;\"><span style=\"font-family: verdana, geneva; font-size: 10pt;\">T\u00fcrkisch-Islamischer Verein<\/span><\/td>\n<td style=\"height: 23px;\"><span style=\"font-family: verdana, geneva; font-size: 10pt;\">Hauptstrasse<\/span><\/td>\n<td style=\"height: 23px;\"><span style=\"font-family: verdana, geneva; font-size: 10pt;\">3<\/span><\/td>\n<td style=\"height: 23px;\"><span style=\"font-family: verdana, geneva; font-size: 10pt;\">5734<\/span><\/td>\n<td style=\"height: 23px;\"><span style=\"font-family: verdana, geneva; font-size: 10pt;\">Reinach<\/span><\/td>\n<\/tr>\n<tr style=\"height: 23px;\">\n<td style=\"height: 23px;\"><span style=\"font-family: verdana, geneva; font-size: 10pt;\">Bab-i Reyhan<\/span><\/td>\n<td style=\"height: 23px;\"><span style=\"font-family: verdana, geneva; font-size: 10pt;\">Quellenstrasse<\/span><\/td>\n<td style=\"height: 23px;\"><span style=\"font-family: verdana, geneva; font-size: 10pt;\">37<\/span><\/td>\n<td style=\"height: 23px;\"><span style=\"font-family: verdana, geneva; font-size: 10pt;\">4310<\/span><\/td>\n<td style=\"height: 23px;\"><span style=\"font-family: verdana, geneva; font-size: 10pt;\">Rheinfelden<\/span><\/td>\n<\/tr>\n<tr style=\"height: 23px;\">\n<td style=\"height: 23px;\"><span style=\"font-family: verdana, geneva; font-size: 10pt;\">Merkez Cami<\/span><\/td>\n<td style=\"height: 23px;\"><span style=\"font-family: verdana, geneva; font-size: 10pt;\">Gerstenweg<\/span><\/td>\n<td style=\"height: 23px;\"><span style=\"font-family: verdana, geneva; font-size: 10pt;\">8<\/span><\/td>\n<td style=\"height: 23px;\"><span style=\"font-family: verdana, geneva; font-size: 10pt;\">4310<\/span><\/td>\n<td style=\"height: 23px;\"><span style=\"font-family: verdana, geneva; font-size: 10pt;\">Rheinfelden<\/span><\/td>\n<\/tr>\n<tr>\n<td><span style=\"font-family: verdana, geneva, sans-serif; font-size: 10pt;\">Suhbah-Zentrum<\/span><span style=\"font-family: verdana, geneva; font-size: 10pt;\"><br \/>\n<\/span><\/td>\n<td><span style=\"font-family: verdana, geneva; font-size: 10pt;\">Bernstrasse<\/span><\/td>\n<td><span style=\"font-family: verdana, geneva; font-size: 10pt;\">2<br \/>\n<\/span><\/td>\n<td><span style=\"font-family: verdana, geneva, sans-serif; font-size: 10pt;\">8964<\/span><\/td>\n<td><span style=\"font-family: verdana, geneva, sans-serif; font-size: 10pt;\">Rudolfstetten<\/span><\/td>\n<\/tr>\n<tr style=\"height: 23px;\">\n<td style=\"height: 23px;\"><span style=\"font-family: verdana, geneva; font-size: 10pt;\">T\u00fcrkisch-Islamischer Kultur-und Integrationsverein&nbsp;<br \/>\n<\/span><\/td>\n<td style=\"height: 23px;\"><span style=\"font-family: verdana, geneva; font-size: 10pt;\">Birchmattstrasse<\/span><\/td>\n<td style=\"height: 23px;\"><span style=\"font-family: verdana, geneva; font-size: 10pt;\">5<\/span><\/td>\n<td style=\"height: 23px;\"><span style=\"font-family: verdana, geneva; font-size: 10pt;\">5703<\/span><\/td>\n<td style=\"height: 23px;\"><span style=\"font-family: verdana, geneva; font-size: 10pt;\">Seon<\/span><\/td>\n<\/tr>\n<tr style=\"height: 23px;\">\n<td style=\"height: 23px;\"><span style=\"font-family: verdana, geneva; font-size: 10pt;\">Verband Islamischer Kulturzentren<\/span><\/td>\n<td style=\"height: 23px;\"><span style=\"font-family: verdana, geneva; font-size: 10pt;\">Schafisheimerstrasse&nbsp;<\/span><\/td>\n<td style=\"height: 23px;\"><span style=\"font-family: verdana, geneva; font-size: 10pt;\">1b<\/span><\/td>\n<td style=\"height: 23px;\"><span style=\"font-family: verdana, geneva; font-size: 10pt;\">5603<\/span><\/td>\n<td style=\"height: 23px;\"><span style=\"font-family: verdana, geneva; font-size: 10pt;\">Staufen<\/span><\/td>\n<\/tr>\n<tr style=\"height: 23px;\">\n<td style=\"height: 23px;\">Alperenler Cami<\/td>\n<td style=\"height: 23px;\">Bernerstrasse Ost<\/td>\n<td style=\"height: 23px;\"><span style=\"font-family: verdana, geneva; font-size: 10pt;\">50<\/span><\/td>\n<td style=\"height: 23px;\"><span style=\"font-family: verdana, geneva; font-size: 10pt;\">5034<\/span><\/td>\n<td style=\"height: 23px;\"><span style=\"font-family: verdana, geneva; font-size: 10pt;\">Suhr<\/span><\/td>\n<\/tr>\n<tr style=\"height: 23px;\">\n<td style=\"height: 23px;\"><span style=\"font-family: verdana, geneva; font-size: 10pt;\">Islamische Glaubensgemeinschaft (SIG) <\/span><\/td>\n<td style=\"height: 23px;\"><span style=\"font-family: verdana, geneva; font-size: 10pt;\">Rigackerstrasse<\/span><\/td>\n<td style=\"height: 23px;\"><span style=\"font-family: verdana, geneva; font-size: 10pt;\">25<\/span><\/td>\n<td style=\"height: 23px;\"><span style=\"font-family: verdana, geneva; font-size: 10pt;\">5610<\/span><\/td>\n<td style=\"height: 23px;\"><span style=\"font-family: verdana, geneva; font-size: 10pt;\">Wohlen<\/span><\/td>\n<\/tr>\n<\/tbody>\n<\/table>\n<p>&nbsp;<\/p>\n<h2>Moscheen, die nicht VAM-Mitglied sind<\/h2>\n<table style=\"width: 707px;\">\n<thead>\n<tr>\n<td style=\"width: 329px; background-color: #b8defc;\"><span style=\"font-family: verdana, geneva; font-size: 10pt;\"><strong><span style=\"font-family: verdana, geneva;\">Name<\/span><\/strong><\/span><\/td>\n<td style=\"width: 159px; background-color: #b8defc;\"><span style=\"font-family: verdana, geneva; font-size: 10pt;\"><strong><span style=\"font-family: verdana, geneva;\">Strasse<\/span><\/strong><\/span><\/td>\n<td style=\"width: 39px; background-color: #b8defc;\"><span style=\"font-family: verdana, geneva; font-size: 10pt;\"><strong><span style=\"font-family: verdana, geneva;\">Nr.<\/span><\/strong><\/span><\/td>\n<td style=\"width: 61px; background-color: #b8defc;\"><span style=\"font-family: verdana, geneva; font-size: 10pt;\"><strong><span style=\"font-family: verdana, geneva;\">PLZ<\/span><\/strong><\/span><\/td>\n<td style=\"width: 119px; background-color: #b8defc;\"><span style=\"font-family: verdana, geneva; font-size: 10pt;\"><strong><span style=\"font-family: verdana, geneva;\">Ort<\/span><\/strong><\/span><\/td>\n<\/tr>\n<\/thead>\n<tbody>\n<tr>\n<td><span style=\"font-family: verdana, geneva; font-size: 10pt;\">Islamischer Kulturverein Fricktal<\/span><\/td>\n<td><span style=\"font-family: verdana, geneva; font-size: 10pt;\">Friedhofweg<\/span><\/td>\n<td><span style=\"font-family: verdana, geneva; font-size: 10pt;\">40<\/span><\/td>\n<td><span style=\"font-family: verdana, geneva; font-size: 10pt;\">4314<\/span><\/td>\n<td><span style=\"font-family: verdana, geneva; font-size: 10pt;\">Zeiningen<\/span><\/td>\n<\/tr>\n<tr>\n<td><span style=\"font-family: verdana, geneva; font-size: 10pt;\">Verein Esselam<\/span><\/td>\n<td><span style=\"font-family: verdana, geneva; font-size: 10pt;\">Haupstrasse<\/span><\/td>\n<td><span style=\"font-family: verdana, geneva; font-size: 10pt;\">4<\/span><\/td>\n<td><span style=\"font-family: verdana, geneva; font-size: 10pt;\">5200<\/span><\/td>\n<td><span style=\"font-family: verdana, geneva; font-size: 10pt;\">Brugg<\/span><\/td>\n<\/tr>\n<tr>\n<td><span style=\"font-family: verdana, geneva; font-size: 10pt;\">Islamische Gemeinschaft Spreitenbach<\/span><\/td>\n<td><span style=\"font-family: verdana, geneva; font-size: 10pt;\">H\u00e4rdlistrasse<\/span><\/td>\n<td><span style=\"font-family: verdana, geneva; font-size: 10pt;\">11<\/span><\/td>\n<td><span style=\"font-family: verdana, geneva; font-size: 10pt;\">8957<\/span><\/td>\n<td><span style=\"font-family: verdana, geneva; font-size: 10pt;\">Spreitenbach<\/span><\/td>\n<\/tr>\n<\/tbody>\n<\/table>\n","protected":false},"excerpt":{"rendered":"<p>&nbsp; VAM-Mitgliedsmoscheen Name Strasse Nr. PLZ Ort Gr\u00fcne Moschee Oltnerstrasse 84 4663 Aarburg Weisse Moschee Feldstrasse 14 4663 Aarburg Islamische Gemeinschaft Fricktal Heuigstrasse 4 5076 B\u00f6zen Verband Islamischer Kulturzentren Aarauerstrasse [&hellip;]<\/p>\n","protected":false},"author":4,"featured_media":0,"parent":849,"menu_order":1,"comment_status":"closed","ping_status":"closed","template":"","meta":{"_et_pb_use_builder":"off","_et_pb_old_content":"","_et_gb_content_width":"","ngg_post_thumbnail":0,"footnotes":""},"class_list":["post-275","page","type-page","status-publish","hentry"],"yoast_head":"<!-- This site is optimized with the Yoast SEO plugin v27.4 - https:\/\/yoast.com\/product\/yoast-seo-wordpress\/ -->\n<title>Moscheen im Aargau - Verband Aargauer Muslime (VAM)<\/title>\n<meta name=\"robots\" content=\"index, follow, max-snippet:-1, max-image-preview:large, max-video-preview:-1\" \/>\n<link rel=\"canonical\" href=\"https:\/\/aargauermuslime.ch\/de\/ueber-uns\/moscheen-im-aargau\/\" \/>\n<meta property=\"og:locale\" content=\"de_DE\" \/>\n<meta property=\"og:type\" content=\"article\" \/>\n<meta property=\"og:title\" content=\"Moscheen im Aargau - Verband Aargauer Muslime (VAM)\" \/>\n<meta property=\"og:description\" content=\"&nbsp; VAM-Mitgliedsmoscheen Name Strasse Nr. PLZ Ort Gr\u00fcne Moschee Oltnerstrasse 84 4663 Aarburg Weisse Moschee Feldstrasse 14 4663 Aarburg Islamische Gemeinschaft Fricktal Heuigstrasse 4 5076 B\u00f6zen Verband Islamischer Kulturzentren Aarauerstrasse [&hellip;]\" \/>\n<meta property=\"og:url\" content=\"https:\/\/aargauermuslime.ch\/de\/ueber-uns\/moscheen-im-aargau\/\" \/>\n<meta property=\"og:site_name\" content=\"Verband Aargauer Muslime (VAM)\" \/>\n<meta property=\"article:publisher\" content=\"https:\/\/www.facebook.com\/groups\/aargauermuslime\" \/>\n<meta property=\"article:modified_time\" content=\"2025-05-25T19:44:03+00:00\" \/>\n<meta property=\"og:image\" content=\"https:\/\/aargauermuslime.ch\/de\/wp-content\/uploads\/2018\/08\/images_Bilder_Moschee_Wohlen-e1574411133284.jpg\" \/>\n\t<meta property=\"og:image:width\" content=\"2560\" \/>\n\t<meta property=\"og:image:height\" content=\"1248\" \/>\n\t<meta property=\"og:image:type\" content=\"image\/jpeg\" \/>\n<meta name=\"twitter:card\" content=\"summary_large_image\" \/>\n<meta name=\"twitter:label1\" content=\"Gesch\u00e4tzte Lesezeit\" \/>\n\t<meta name=\"twitter:data1\" content=\"2\u00a0Minuten\" \/>\n<script type=\"application\/ld+json\" class=\"yoast-schema-graph\">{\"@context\":\"https:\\\/\\\/schema.org\",\"@graph\":[{\"@type\":\"WebPage\",\"@id\":\"https:\\\/\\\/aargauermuslime.ch\\\/de\\\/ueber-uns\\\/moscheen-im-aargau\\\/\",\"url\":\"https:\\\/\\\/aargauermuslime.ch\\\/de\\\/ueber-uns\\\/moscheen-im-aargau\\\/\",\"name\":\"Moscheen im Aargau - Verband Aargauer Muslime (VAM)\",\"isPartOf\":{\"@id\":\"https:\\\/\\\/aargauermuslime.ch\\\/de\\\/#website\"},\"primaryImageOfPage\":{\"@id\":\"https:\\\/\\\/aargauermuslime.ch\\\/de\\\/ueber-uns\\\/moscheen-im-aargau\\\/#primaryimage\"},\"image\":{\"@id\":\"https:\\\/\\\/aargauermuslime.ch\\\/de\\\/ueber-uns\\\/moscheen-im-aargau\\\/#primaryimage\"},\"thumbnailUrl\":\"https:\\\/\\\/aargauermuslime.ch\\\/de\\\/wp-content\\\/uploads\\\/2018\\\/08\\\/images_Bilder_Moschee_Wohlen-e1574411133284.jpg\",\"datePublished\":\"2018-08-19T12:49:17+00:00\",\"dateModified\":\"2025-05-25T19:44:03+00:00\",\"breadcrumb\":{\"@id\":\"https:\\\/\\\/aargauermuslime.ch\\\/de\\\/ueber-uns\\\/moscheen-im-aargau\\\/#breadcrumb\"},\"inLanguage\":\"de\",\"potentialAction\":[{\"@type\":\"ReadAction\",\"target\":[\"https:\\\/\\\/aargauermuslime.ch\\\/de\\\/ueber-uns\\\/moscheen-im-aargau\\\/\"]}]},{\"@type\":\"ImageObject\",\"inLanguage\":\"de\",\"@id\":\"https:\\\/\\\/aargauermuslime.ch\\\/de\\\/ueber-uns\\\/moscheen-im-aargau\\\/#primaryimage\",\"url\":\"https:\\\/\\\/aargauermuslime.ch\\\/de\\\/wp-content\\\/uploads\\\/2018\\\/08\\\/images_Bilder_Moschee_Wohlen-e1574411133284.jpg\",\"contentUrl\":\"https:\\\/\\\/aargauermuslime.ch\\\/de\\\/wp-content\\\/uploads\\\/2018\\\/08\\\/images_Bilder_Moschee_Wohlen-e1574411133284.jpg\",\"width\":2560,\"height\":1248},{\"@type\":\"BreadcrumbList\",\"@id\":\"https:\\\/\\\/aargauermuslime.ch\\\/de\\\/ueber-uns\\\/moscheen-im-aargau\\\/#breadcrumb\",\"itemListElement\":[{\"@type\":\"ListItem\",\"position\":1,\"name\":\"Startseite\",\"item\":\"https:\\\/\\\/aargauermuslime.ch\\\/de\\\/\"},{\"@type\":\"ListItem\",\"position\":2,\"name\":\"\u00dcber uns\",\"item\":\"https:\\\/\\\/aargauermuslime.ch\\\/de\\\/ueber-uns\\\/\"},{\"@type\":\"ListItem\",\"position\":3,\"name\":\"Moscheen im Aargau\"}]},{\"@type\":\"WebSite\",\"@id\":\"https:\\\/\\\/aargauermuslime.ch\\\/de\\\/#website\",\"url\":\"https:\\\/\\\/aargauermuslime.ch\\\/de\\\/\",\"name\":\"Verband Aargauer Muslime (VAM)\",\"description\":\"Dachverband der muslimischen Institutionen im Aargau\",\"publisher\":{\"@id\":\"https:\\\/\\\/aargauermuslime.ch\\\/de\\\/#organization\"},\"potentialAction\":[{\"@type\":\"SearchAction\",\"target\":{\"@type\":\"EntryPoint\",\"urlTemplate\":\"https:\\\/\\\/aargauermuslime.ch\\\/de\\\/?s={search_term_string}\"},\"query-input\":{\"@type\":\"PropertyValueSpecification\",\"valueRequired\":true,\"valueName\":\"search_term_string\"}}],\"inLanguage\":\"de\"},{\"@type\":\"Organization\",\"@id\":\"https:\\\/\\\/aargauermuslime.ch\\\/de\\\/#organization\",\"name\":\"Verband Aargauer Muslime\",\"alternateName\":\"VAM\",\"url\":\"https:\\\/\\\/aargauermuslime.ch\\\/de\\\/\",\"logo\":{\"@type\":\"ImageObject\",\"inLanguage\":\"de\",\"@id\":\"https:\\\/\\\/aargauermuslime.ch\\\/de\\\/#\\\/schema\\\/logo\\\/image\\\/\",\"url\":\"https:\\\/\\\/aargauermuslime.ch\\\/de\\\/wp-content\\\/uploads\\\/2019\\\/07\\\/VAM-Logo_web.jpg\",\"contentUrl\":\"https:\\\/\\\/aargauermuslime.ch\\\/de\\\/wp-content\\\/uploads\\\/2019\\\/07\\\/VAM-Logo_web.jpg\",\"width\":800,\"height\":181,\"caption\":\"Verband Aargauer Muslime\"},\"image\":{\"@id\":\"https:\\\/\\\/aargauermuslime.ch\\\/de\\\/#\\\/schema\\\/logo\\\/image\\\/\"},\"sameAs\":[\"https:\\\/\\\/www.facebook.com\\\/groups\\\/aargauermuslime\"]}]}<\/script>\n<!-- \/ Yoast SEO plugin. -->","yoast_head_json":{"title":"Moscheen im Aargau - Verband Aargauer Muslime (VAM)","robots":{"index":"index","follow":"follow","max-snippet":"max-snippet:-1","max-image-preview":"max-image-preview:large","max-video-preview":"max-video-preview:-1"},"canonical":"https:\/\/aargauermuslime.ch\/de\/ueber-uns\/moscheen-im-aargau\/","og_locale":"de_DE","og_type":"article","og_title":"Moscheen im Aargau - Verband Aargauer Muslime (VAM)","og_description":"&nbsp; VAM-Mitgliedsmoscheen Name Strasse Nr. PLZ Ort Gr\u00fcne Moschee Oltnerstrasse 84 4663 Aarburg Weisse Moschee Feldstrasse 14 4663 Aarburg Islamische Gemeinschaft Fricktal Heuigstrasse 4 5076 B\u00f6zen Verband Islamischer Kulturzentren Aarauerstrasse [&hellip;]","og_url":"https:\/\/aargauermuslime.ch\/de\/ueber-uns\/moscheen-im-aargau\/","og_site_name":"Verband Aargauer Muslime (VAM)","article_publisher":"https:\/\/www.facebook.com\/groups\/aargauermuslime","article_modified_time":"2025-05-25T19:44:03+00:00","og_image":[{"width":2560,"height":1248,"url":"https:\/\/aargauermuslime.ch\/de\/wp-content\/uploads\/2018\/08\/images_Bilder_Moschee_Wohlen-e1574411133284.jpg","type":"image\/jpeg"}],"twitter_card":"summary_large_image","twitter_misc":{"Gesch\u00e4tzte Lesezeit":"2\u00a0Minuten"},"schema":{"@context":"https:\/\/schema.org","@graph":[{"@type":"WebPage","@id":"https:\/\/aargauermuslime.ch\/de\/ueber-uns\/moscheen-im-aargau\/","url":"https:\/\/aargauermuslime.ch\/de\/ueber-uns\/moscheen-im-aargau\/","name":"Moscheen im Aargau - Verband Aargauer Muslime (VAM)","isPartOf":{"@id":"https:\/\/aargauermuslime.ch\/de\/#website"},"primaryImageOfPage":{"@id":"https:\/\/aargauermuslime.ch\/de\/ueber-uns\/moscheen-im-aargau\/#primaryimage"},"image":{"@id":"https:\/\/aargauermuslime.ch\/de\/ueber-uns\/moscheen-im-aargau\/#primaryimage"},"thumbnailUrl":"https:\/\/aargauermuslime.ch\/de\/wp-content\/uploads\/2018\/08\/images_Bilder_Moschee_Wohlen-e1574411133284.jpg","datePublished":"2018-08-19T12:49:17+00:00","dateModified":"2025-05-25T19:44:03+00:00","breadcrumb":{"@id":"https:\/\/aargauermuslime.ch\/de\/ueber-uns\/moscheen-im-aargau\/#breadcrumb"},"inLanguage":"de","potentialAction":[{"@type":"ReadAction","target":["https:\/\/aargauermuslime.ch\/de\/ueber-uns\/moscheen-im-aargau\/"]}]},{"@type":"ImageObject","inLanguage":"de","@id":"https:\/\/aargauermuslime.ch\/de\/ueber-uns\/moscheen-im-aargau\/#primaryimage","url":"https:\/\/aargauermuslime.ch\/de\/wp-content\/uploads\/2018\/08\/images_Bilder_Moschee_Wohlen-e1574411133284.jpg","contentUrl":"https:\/\/aargauermuslime.ch\/de\/wp-content\/uploads\/2018\/08\/images_Bilder_Moschee_Wohlen-e1574411133284.jpg","width":2560,"height":1248},{"@type":"BreadcrumbList","@id":"https:\/\/aargauermuslime.ch\/de\/ueber-uns\/moscheen-im-aargau\/#breadcrumb","itemListElement":[{"@type":"ListItem","position":1,"name":"Startseite","item":"https:\/\/aargauermuslime.ch\/de\/"},{"@type":"ListItem","position":2,"name":"\u00dcber uns","item":"https:\/\/aargauermuslime.ch\/de\/ueber-uns\/"},{"@type":"ListItem","position":3,"name":"Moscheen im Aargau"}]},{"@type":"WebSite","@id":"https:\/\/aargauermuslime.ch\/de\/#website","url":"https:\/\/aargauermuslime.ch\/de\/","name":"Verband Aargauer Muslime (VAM)","description":"Dachverband der muslimischen Institutionen im Aargau","publisher":{"@id":"https:\/\/aargauermuslime.ch\/de\/#organization"},"potentialAction":[{"@type":"SearchAction","target":{"@type":"EntryPoint","urlTemplate":"https:\/\/aargauermuslime.ch\/de\/?s={search_term_string}"},"query-input":{"@type":"PropertyValueSpecification","valueRequired":true,"valueName":"search_term_string"}}],"inLanguage":"de"},{"@type":"Organization","@id":"https:\/\/aargauermuslime.ch\/de\/#organization","name":"Verband Aargauer Muslime","alternateName":"VAM","url":"https:\/\/aargauermuslime.ch\/de\/","logo":{"@type":"ImageObject","inLanguage":"de","@id":"https:\/\/aargauermuslime.ch\/de\/#\/schema\/logo\/image\/","url":"https:\/\/aargauermuslime.ch\/de\/wp-content\/uploads\/2019\/07\/VAM-Logo_web.jpg","contentUrl":"https:\/\/aargauermuslime.ch\/de\/wp-content\/uploads\/2019\/07\/VAM-Logo_web.jpg","width":800,"height":181,"caption":"Verband Aargauer Muslime"},"image":{"@id":"https:\/\/aargauermuslime.ch\/de\/#\/schema\/logo\/image\/"},"sameAs":["https:\/\/www.facebook.com\/groups\/aargauermuslime"]}]}},"_links":{"self":[{"href":"https:\/\/aargauermuslime.ch\/de\/wp-json\/wp\/v2\/pages\/275","targetHints":{"allow":["GET"]}}],"collection":[{"href":"https:\/\/aargauermuslime.ch\/de\/wp-json\/wp\/v2\/pages"}],"about":[{"href":"https:\/\/aargauermuslime.ch\/de\/wp-json\/wp\/v2\/types\/page"}],"author":[{"embeddable":true,"href":"https:\/\/aargauermuslime.ch\/de\/wp-json\/wp\/v2\/users\/4"}],"replies":[{"embeddable":true,"href":"https:\/\/aargauermuslime.ch\/de\/wp-json\/wp\/v2\/comments?post=275"}],"version-history":[{"count":21,"href":"https:\/\/aargauermuslime.ch\/de\/wp-json\/wp\/v2\/pages\/275\/revisions"}],"predecessor-version":[{"id":4421,"href":"https:\/\/aargauermuslime.ch\/de\/wp-json\/wp\/v2\/pages\/275\/revisions\/4421"}],"up":[{"embeddable":true,"href":"https:\/\/aargauermuslime.ch\/de\/wp-json\/wp\/v2\/pages\/849"}],"wp:attachment":[{"href":"https:\/\/aargauermuslime.ch\/de\/wp-json\/wp\/v2\/media?parent=275"}],"curies":[{"name":"wp","href":"https:\/\/api.w.org\/{rel}","templated":true}]}}