{"id":3160,"date":"2021-06-01T13:31:33","date_gmt":"2021-06-01T11:31:33","guid":{"rendered":"https:\/\/aargauermuslime.ch\/de\/?page_id=3160"},"modified":"2025-11-24T14:32:25","modified_gmt":"2025-11-24T12:32:25","slug":"vam-filmprojekt","status":"publish","type":"page","link":"https:\/\/aargauermuslime.ch\/de\/aktivitaeten\/vam-filmprojekt\/","title":{"rendered":"VAM-Filmprojekt \u00abTariqs Weg\u00bb"},"content":{"rendered":"<p>[et_pb_section fb_built=&#8220;1&#8243; _builder_version=&#8220;4.16&#8243; custom_margin=&#8220;48px||||false|false&#8220; custom_padding=&#8220;0px||0px|||&#8220; global_colors_info=&#8220;{}&#8220;][et_pb_row _builder_version=&#8220;4.16&#8243; _module_preset=&#8220;default&#8220; custom_margin=&#8220;0px||17px||false|false&#8220; custom_padding=&#8220;0px||0px||false|false&#8220; global_colors_info=&#8220;{}&#8220;][et_pb_column type=&#8220;4_4&#8243; _builder_version=&#8220;4.16&#8243; _module_preset=&#8220;default&#8220; global_colors_info=&#8220;{}&#8220;][et_pb_blurb title=&#8220;VAM-Filmprojekt \u00abTariqs Weg\u00bb&#8220; content_max_width=&#8220;1100px&#8220; _builder_version=&#8220;4.27.4&#8243; _module_preset=&#8220;default&#8220; header_level=&#8220;h2&#8243; header_font=&#8220;|600|||||||&#8220; background_color=&#8220;RGBA(0,0,0,0)&#8220; hover_enabled=&#8220;0&#8243; global_colors_info=&#8220;{}&#8220; sticky_enabled=&#8220;0&#8243;]<\/p>\n<p>Im Jahre 2017 hat die <strong>Schweizer Regierung<\/strong> den sog. <a href=\"https:\/\/www.svs-rns.ch\/de\/nationaler-aktionsplan\" target=\"_blank\" rel=\"noreferrer noopener\">Nationalen Aktionsplan zur Verhinderung und Bek\u00e4mpfung von Radikalisierung und gewaltt\u00e4tigem Extremismus<\/a>&nbsp;verabschiedet und in Kraft gesetzt. Er ist Teil der Strategie der Schweiz zur Terrorismusbek\u00e4mpfung, bei der die Pr\u00e4vention von entscheidender Bedeutung ist.<\/p>\n<p>Im Rahmen eines Impulsprogramms, das in diesem Zusammenhang ebenfalls verabschiedet wurde, haben wir vom VAM einen Projektantrag gestellt, welcher folgende Elemente umfasst:<\/p>\n<ul>\n<li>Erstellung eines&nbsp;<strong>Kurzfilms<\/strong>, welcher Radikalisierung und Extremismus unter Jugendlichen&nbsp; thematisiert, Alternativen aufzeigt und somit die Grundlagen f\u00fcr eine vertiefte Auseinandersetzung mit der Thematik liefert.<\/li>\n<li>Der Film soll an verschiedenen Orten im Rahmen eines&nbsp;<strong>Workshops<\/strong>&nbsp;gezeigt und diskutiert&nbsp; werden. Jugendliche sollen so die Gelegenheit erhalten, sich vertieft mit dem Thema auseinanderzusetzen um einerseits nicht selbst Opfer von Extremismus zu werden und Tendenzen bei Freunden, Kollegen etc. besser zu erkennen. Als Orte eignen sich insbesondere Schulen, Jugendtreffs, aber auch Moscheen, Kirchgemeinden etc.<\/li>\n<li>Erstellung eines&nbsp;<strong>Fachregisters<\/strong>&nbsp;mit Vertiefungsmaterial.<\/li>\n<\/ul>\n<p>Im Juni 2020 erhielt der VAM die Finanzierungszusage vom Kanton Aargau, und im Dezember 2020 sagte auch der Bund seine Unterst\u00fctzung zu.<\/p>\n<p>Anfang 2021 begann dann das aus lediglich drei Personen bestehende <strong>VAM-Projektteam<\/strong>, aufbauend auf den bereits geleisteten Vorarbeiten, mit der eigentlichen Arbeit. Dies sind die erreichten <strong>Meilensteine<\/strong>:<\/p>\n<ul>\n<li>Ende September 2021: Finales <strong>Drehbuch<\/strong> erstellt<\/li>\n<li>Mitte Oktober 2021: Abschluss der <strong>Dreharbeiten<\/strong><\/li>\n<li>19. M\u00e4rz 2022: <strong>Filmpremiere&nbsp;<\/strong> im Kino Trafo 5 in Baden (siehe Artikel <a href=\"https:\/\/aargauermuslime.ch\/de\/erfolgreiche-premiere-des-vam-kurzfilms-tariqs-weg\/\">Erfolgreiche Premiere des VAM-Kurzfilms \u00abTariqs Weg\u00bb<\/a>)<\/li>\n<li>M\u00e4rz bis Oktober 2022: Durchf\u00fchrung von <strong>Workshops<\/strong> in Moscheen und Schulen<\/li>\n<li>30. Oktober 2022: <strong>Projektabschluss<\/strong>, Einreichung des <a href=\"https:\/\/aargauermuslime.ch\/de\/wp-content\/uploads\/2022\/11\/Schlussbericht_Tariqs_Weg_Final.pdf\" target=\"_blank\" rel=\"noopener\">Abschlussberichts<\/a> bei Bund und Kanton<\/li>\n<\/ul>\n<p>Der Film ist geeignet f\u00fcr Jugendliche <strong>zwischen 12 und 17 Jahren<\/strong> und ist seit dem 19. M\u00e4rz 2022 <strong>online verf\u00fcgbar<\/strong>:<\/p>\n<ul>\n<li><a href=\"https:\/\/youtu.be\/stpOuF3pTcE\" target=\"_blank\" rel=\"noreferrer noopener\">\u00abTariqs Weg\u00bb auf YouTube<\/a> (neuer VAM-YouTube-Kanal)<\/li>\n<li><a href=\"https:\/\/vimeo.com\/685377379\/b1672fc9d7\" target=\"_blank\" rel=\"noreferrer noopener\">\u00abTariqs Weg\u00bb auf Vimeo<\/a><\/li>\n<\/ul>\n<p>Das dazugeh\u00f6rige <strong>Fachregister<\/strong> mit Begleit- und Unterrichtsmaterial ist \u00fcber unser <strong><a href=\"https:\/\/aargauermuslime.ch\/dokuwiki\/\" target=\"_blank\" rel=\"noreferrer noopener\">VAM-Wiki<\/a> <\/strong>erreichbar.<\/p>\n<p>Der VAM steht nach wie vor f\u00fcr die Durchf\u00fchrung von Workshops an Schulen, Jugendtreffs, Kirchen, Moscheen etc. zur Verf\u00fcgung und kann diesbez\u00fcglich jederzeit <a href=\"https:\/\/aargauermuslime.ch\/de\/ueber-uns\/kontakt\/\" target=\"_blank\" rel=\"noreferrer noopener\">kontaktiert<\/a> werden.<\/p>\n<p>[\/et_pb_blurb][\/et_pb_column][\/et_pb_row][et_pb_row column_structure=&#8220;3_4,1_4&#8243; use_custom_gutter=&#8220;on&#8220; gutter_width=&#8220;2&#8243; make_equal=&#8220;on&#8220; _builder_version=&#8220;4.16&#8243; width=&#8220;98.6%&#8220; custom_padding=&#8220;0px||0px|||&#8220; global_colors_info=&#8220;{}&#8220;][et_pb_column type=&#8220;3_4&#8243; _builder_version=&#8220;4.16&#8243; global_colors_info=&#8220;{}&#8220;][et_pb_blog fullwidth=&#8220;off&#8220; include_categories=&#8220;59&#8243; show_author=&#8220;off&#8220; show_categories=&#8220;off&#8220; _builder_version=&#8220;4.16&#8243; pagination_font=&#8220;|800|||||||&#8220; pagination_text_color=&#8220;#0c71c3&#8243; pagination_font_size=&#8220;16px&#8220; pagination_line_height=&#8220;2.2em&#8220; custom_margin=&#8220;|||50px|false|false&#8220; custom_padding=&#8220;17px|0px||0px||&#8220; border_width_all_image=&#8220;1px&#8220; border_color_all_image=&#8220;#e2e2e2&#8243; global_colors_info=&#8220;{}&#8220;][\/et_pb_blog][\/et_pb_column][et_pb_column type=&#8220;1_4&#8243; _builder_version=&#8220;4.16&#8243; global_colors_info=&#8220;{}&#8220;][et_pb_sidebar _builder_version=&#8220;4.16&#8243; custom_margin=&#8220;45px|1px||15px||&#8220; custom_padding=&#8220;20px|42px||22px||&#8220; global_colors_info=&#8220;{}&#8220;][\/et_pb_sidebar][\/et_pb_column][\/et_pb_row][et_pb_row _builder_version=&#8220;4.16&#8243; _module_preset=&#8220;default&#8220; global_colors_info=&#8220;{}&#8220;][et_pb_column type=&#8220;4_4&#8243; _builder_version=&#8220;4.16&#8243; _module_preset=&#8220;default&#8220; global_colors_info=&#8220;{}&#8220;][\/et_pb_column][\/et_pb_row][\/et_pb_section]<\/p>\n","protected":false},"excerpt":{"rendered":"<p>Im Jahre 2017 hat die Schweizer Regierung den sog. Nationalen Aktionsplan zur Verhinderung und Bek\u00e4mpfung von Radikalisierung und gewaltt\u00e4tigem Extremismus&nbsp;verabschiedet und in Kraft gesetzt. Er ist Teil der Strategie der [&hellip;]<\/p>\n","protected":false},"author":4,"featured_media":0,"parent":53,"menu_order":0,"comment_status":"closed","ping_status":"closed","template":"","meta":{"_et_pb_use_builder":"on","_et_pb_old_content":"","_et_gb_content_width":"","ngg_post_thumbnail":0,"footnotes":""},"class_list":["post-3160","page","type-page","status-publish","hentry"],"yoast_head":"<!-- This site is optimized with the Yoast SEO plugin v27.4 - https:\/\/yoast.com\/product\/yoast-seo-wordpress\/ -->\n<title>VAM-Filmprojekt \u00abTariqs Weg\u00bb - Verband Aargauer Muslime (VAM)<\/title>\n<meta name=\"robots\" content=\"index, follow, max-snippet:-1, max-image-preview:large, max-video-preview:-1\" \/>\n<link rel=\"canonical\" href=\"https:\/\/aargauermuslime.ch\/de\/aktivitaeten\/vam-filmprojekt\/\" \/>\n<meta property=\"og:locale\" content=\"de_DE\" \/>\n<meta property=\"og:type\" content=\"article\" \/>\n<meta property=\"og:title\" content=\"VAM-Filmprojekt \u00abTariqs Weg\u00bb - Verband Aargauer Muslime (VAM)\" \/>\n<meta property=\"og:description\" content=\"Im Jahre 2017 hat die Schweizer Regierung den sog. Nationalen Aktionsplan zur Verhinderung und Bek\u00e4mpfung von Radikalisierung und gewaltt\u00e4tigem Extremismus&nbsp;verabschiedet und in Kraft gesetzt. Er ist Teil der Strategie der [&hellip;]\" \/>\n<meta property=\"og:url\" content=\"https:\/\/aargauermuslime.ch\/de\/aktivitaeten\/vam-filmprojekt\/\" \/>\n<meta property=\"og:site_name\" content=\"Verband Aargauer Muslime (VAM)\" \/>\n<meta property=\"article:publisher\" content=\"https:\/\/www.facebook.com\/groups\/aargauermuslime\" \/>\n<meta property=\"article:modified_time\" content=\"2025-11-24T12:32:25+00:00\" \/>\n<meta name=\"twitter:card\" content=\"summary_large_image\" \/>\n<meta name=\"twitter:label1\" content=\"Gesch\u00e4tzte Lesezeit\" \/>\n\t<meta name=\"twitter:data1\" content=\"6\u00a0Minuten\" \/>\n<script type=\"application\/ld+json\" class=\"yoast-schema-graph\">{\"@context\":\"https:\\\/\\\/schema.org\",\"@graph\":[{\"@type\":\"WebPage\",\"@id\":\"https:\\\/\\\/aargauermuslime.ch\\\/de\\\/aktivitaeten\\\/vam-filmprojekt\\\/\",\"url\":\"https:\\\/\\\/aargauermuslime.ch\\\/de\\\/aktivitaeten\\\/vam-filmprojekt\\\/\",\"name\":\"VAM-Filmprojekt \u00abTariqs Weg\u00bb - Verband Aargauer Muslime (VAM)\",\"isPartOf\":{\"@id\":\"https:\\\/\\\/aargauermuslime.ch\\\/de\\\/#website\"},\"datePublished\":\"2021-06-01T11:31:33+00:00\",\"dateModified\":\"2025-11-24T12:32:25+00:00\",\"breadcrumb\":{\"@id\":\"https:\\\/\\\/aargauermuslime.ch\\\/de\\\/aktivitaeten\\\/vam-filmprojekt\\\/#breadcrumb\"},\"inLanguage\":\"de\",\"potentialAction\":[{\"@type\":\"ReadAction\",\"target\":[\"https:\\\/\\\/aargauermuslime.ch\\\/de\\\/aktivitaeten\\\/vam-filmprojekt\\\/\"]}]},{\"@type\":\"BreadcrumbList\",\"@id\":\"https:\\\/\\\/aargauermuslime.ch\\\/de\\\/aktivitaeten\\\/vam-filmprojekt\\\/#breadcrumb\",\"itemListElement\":[{\"@type\":\"ListItem\",\"position\":1,\"name\":\"Startseite\",\"item\":\"https:\\\/\\\/aargauermuslime.ch\\\/de\\\/\"},{\"@type\":\"ListItem\",\"position\":2,\"name\":\"Aktivit\u00e4ten\",\"item\":\"https:\\\/\\\/aargauermuslime.ch\\\/de\\\/aktivitaeten\\\/\"},{\"@type\":\"ListItem\",\"position\":3,\"name\":\"VAM-Filmprojekt \u00abTariqs Weg\u00bb\"}]},{\"@type\":\"WebSite\",\"@id\":\"https:\\\/\\\/aargauermuslime.ch\\\/de\\\/#website\",\"url\":\"https:\\\/\\\/aargauermuslime.ch\\\/de\\\/\",\"name\":\"Verband Aargauer Muslime (VAM)\",\"description\":\"Dachverband der muslimischen Institutionen im Aargau\",\"publisher\":{\"@id\":\"https:\\\/\\\/aargauermuslime.ch\\\/de\\\/#organization\"},\"potentialAction\":[{\"@type\":\"SearchAction\",\"target\":{\"@type\":\"EntryPoint\",\"urlTemplate\":\"https:\\\/\\\/aargauermuslime.ch\\\/de\\\/?s={search_term_string}\"},\"query-input\":{\"@type\":\"PropertyValueSpecification\",\"valueRequired\":true,\"valueName\":\"search_term_string\"}}],\"inLanguage\":\"de\"},{\"@type\":\"Organization\",\"@id\":\"https:\\\/\\\/aargauermuslime.ch\\\/de\\\/#organization\",\"name\":\"Verband Aargauer Muslime\",\"alternateName\":\"VAM\",\"url\":\"https:\\\/\\\/aargauermuslime.ch\\\/de\\\/\",\"logo\":{\"@type\":\"ImageObject\",\"inLanguage\":\"de\",\"@id\":\"https:\\\/\\\/aargauermuslime.ch\\\/de\\\/#\\\/schema\\\/logo\\\/image\\\/\",\"url\":\"https:\\\/\\\/aargauermuslime.ch\\\/de\\\/wp-content\\\/uploads\\\/2019\\\/07\\\/VAM-Logo_web.jpg\",\"contentUrl\":\"https:\\\/\\\/aargauermuslime.ch\\\/de\\\/wp-content\\\/uploads\\\/2019\\\/07\\\/VAM-Logo_web.jpg\",\"width\":800,\"height\":181,\"caption\":\"Verband Aargauer Muslime\"},\"image\":{\"@id\":\"https:\\\/\\\/aargauermuslime.ch\\\/de\\\/#\\\/schema\\\/logo\\\/image\\\/\"},\"sameAs\":[\"https:\\\/\\\/www.facebook.com\\\/groups\\\/aargauermuslime\"]}]}<\/script>\n<!-- \/ Yoast SEO plugin. -->","yoast_head_json":{"title":"VAM-Filmprojekt \u00abTariqs Weg\u00bb - Verband Aargauer Muslime (VAM)","robots":{"index":"index","follow":"follow","max-snippet":"max-snippet:-1","max-image-preview":"max-image-preview:large","max-video-preview":"max-video-preview:-1"},"canonical":"https:\/\/aargauermuslime.ch\/de\/aktivitaeten\/vam-filmprojekt\/","og_locale":"de_DE","og_type":"article","og_title":"VAM-Filmprojekt \u00abTariqs Weg\u00bb - Verband Aargauer Muslime (VAM)","og_description":"Im Jahre 2017 hat die Schweizer Regierung den sog. Nationalen Aktionsplan zur Verhinderung und Bek\u00e4mpfung von Radikalisierung und gewaltt\u00e4tigem Extremismus&nbsp;verabschiedet und in Kraft gesetzt. Er ist Teil der Strategie der [&hellip;]","og_url":"https:\/\/aargauermuslime.ch\/de\/aktivitaeten\/vam-filmprojekt\/","og_site_name":"Verband Aargauer Muslime (VAM)","article_publisher":"https:\/\/www.facebook.com\/groups\/aargauermuslime","article_modified_time":"2025-11-24T12:32:25+00:00","twitter_card":"summary_large_image","twitter_misc":{"Gesch\u00e4tzte Lesezeit":"6\u00a0Minuten"},"schema":{"@context":"https:\/\/schema.org","@graph":[{"@type":"WebPage","@id":"https:\/\/aargauermuslime.ch\/de\/aktivitaeten\/vam-filmprojekt\/","url":"https:\/\/aargauermuslime.ch\/de\/aktivitaeten\/vam-filmprojekt\/","name":"VAM-Filmprojekt \u00abTariqs Weg\u00bb - Verband Aargauer Muslime (VAM)","isPartOf":{"@id":"https:\/\/aargauermuslime.ch\/de\/#website"},"datePublished":"2021-06-01T11:31:33+00:00","dateModified":"2025-11-24T12:32:25+00:00","breadcrumb":{"@id":"https:\/\/aargauermuslime.ch\/de\/aktivitaeten\/vam-filmprojekt\/#breadcrumb"},"inLanguage":"de","potentialAction":[{"@type":"ReadAction","target":["https:\/\/aargauermuslime.ch\/de\/aktivitaeten\/vam-filmprojekt\/"]}]},{"@type":"BreadcrumbList","@id":"https:\/\/aargauermuslime.ch\/de\/aktivitaeten\/vam-filmprojekt\/#breadcrumb","itemListElement":[{"@type":"ListItem","position":1,"name":"Startseite","item":"https:\/\/aargauermuslime.ch\/de\/"},{"@type":"ListItem","position":2,"name":"Aktivit\u00e4ten","item":"https:\/\/aargauermuslime.ch\/de\/aktivitaeten\/"},{"@type":"ListItem","position":3,"name":"VAM-Filmprojekt \u00abTariqs Weg\u00bb"}]},{"@type":"WebSite","@id":"https:\/\/aargauermuslime.ch\/de\/#website","url":"https:\/\/aargauermuslime.ch\/de\/","name":"Verband Aargauer Muslime (VAM)","description":"Dachverband der muslimischen Institutionen im Aargau","publisher":{"@id":"https:\/\/aargauermuslime.ch\/de\/#organization"},"potentialAction":[{"@type":"SearchAction","target":{"@type":"EntryPoint","urlTemplate":"https:\/\/aargauermuslime.ch\/de\/?s={search_term_string}"},"query-input":{"@type":"PropertyValueSpecification","valueRequired":true,"valueName":"search_term_string"}}],"inLanguage":"de"},{"@type":"Organization","@id":"https:\/\/aargauermuslime.ch\/de\/#organization","name":"Verband Aargauer Muslime","alternateName":"VAM","url":"https:\/\/aargauermuslime.ch\/de\/","logo":{"@type":"ImageObject","inLanguage":"de","@id":"https:\/\/aargauermuslime.ch\/de\/#\/schema\/logo\/image\/","url":"https:\/\/aargauermuslime.ch\/de\/wp-content\/uploads\/2019\/07\/VAM-Logo_web.jpg","contentUrl":"https:\/\/aargauermuslime.ch\/de\/wp-content\/uploads\/2019\/07\/VAM-Logo_web.jpg","width":800,"height":181,"caption":"Verband Aargauer Muslime"},"image":{"@id":"https:\/\/aargauermuslime.ch\/de\/#\/schema\/logo\/image\/"},"sameAs":["https:\/\/www.facebook.com\/groups\/aargauermuslime"]}]}},"_links":{"self":[{"href":"https:\/\/aargauermuslime.ch\/de\/wp-json\/wp\/v2\/pages\/3160","targetHints":{"allow":["GET"]}}],"collection":[{"href":"https:\/\/aargauermuslime.ch\/de\/wp-json\/wp\/v2\/pages"}],"about":[{"href":"https:\/\/aargauermuslime.ch\/de\/wp-json\/wp\/v2\/types\/page"}],"author":[{"embeddable":true,"href":"https:\/\/aargauermuslime.ch\/de\/wp-json\/wp\/v2\/users\/4"}],"replies":[{"embeddable":true,"href":"https:\/\/aargauermuslime.ch\/de\/wp-json\/wp\/v2\/comments?post=3160"}],"version-history":[{"count":28,"href":"https:\/\/aargauermuslime.ch\/de\/wp-json\/wp\/v2\/pages\/3160\/revisions"}],"predecessor-version":[{"id":4475,"href":"https:\/\/aargauermuslime.ch\/de\/wp-json\/wp\/v2\/pages\/3160\/revisions\/4475"}],"up":[{"embeddable":true,"href":"https:\/\/aargauermuslime.ch\/de\/wp-json\/wp\/v2\/pages\/53"}],"wp:attachment":[{"href":"https:\/\/aargauermuslime.ch\/de\/wp-json\/wp\/v2\/media?parent=3160"}],"curies":[{"name":"wp","href":"https:\/\/api.w.org\/{rel}","templated":true}]}}