{"id":3852,"date":"2022-12-21T20:51:56","date_gmt":"2022-12-21T18:51:56","guid":{"rendered":"https:\/\/aargauermuslime.ch\/de\/?post_type=tribe_events&#038;p=3852"},"modified":"2023-09-30T18:36:40","modified_gmt":"2023-09-30T16:36:40","slug":"tag-der-offenen-moschee-im-aargau","status":"publish","type":"tribe_events","link":"https:\/\/aargauermuslime.ch\/de\/veranstaltung\/tag-der-offenen-moschee-im-aargau\/","title":{"rendered":"Tag der offenen Moschee im Aargau"},"content":{"rendered":"<p>Verschiedene Moscheen im Kanton Aargau \u00f6ffnen im Rahmen der \u00ab<a href=\"https:\/\/woche-der-religionen.ch\/\" target=\"_blank\" rel=\"noreferrer noopener\">Woche der Religionen<\/a>\u00bb wieder ihre T\u00fcren. Wollten Sie schon immer einmal wissen, wie eine Moschee von innen aussieht? Interessiert es Sie, wie Muslime ihren Gottesdienst abhalten und ihre Gebete verrichten? Haben Sie Fragen, die Sie schon immer einmal mit Muslimen diskutieren wollten? Dann nutzen Sie die Gelegenheit und besuchen Sie eine Moschee in Ihrer N\u00e4he.<\/p>\n<p>Verschiedene Moscheen im Kanton Aargau laden alle B\u00fcrgerinnen und B\u00fcrger herzlich ein, sich aus erster Hand \u00fcber den Islam und die in der Schweiz lebenden Musliminnen und Muslime zu informieren.<\/p>\n<p>F\u00fcr weitere Details und Infos, siehe&nbsp;<a href=\"https:\/\/aargauermuslime.ch\/de\/wp-content\/uploads\/2023\/09\/VAM-Flyer_TdoM_Aargau_2023-v01.pdf\" target=\"_blank\" rel=\"noreferrer noopener\">Flyer<\/a>.<\/p>\n","protected":false},"excerpt":{"rendered":"<p>Verschiedene Moscheen im Kanton Aargau \u00f6ffnen im Rahmen der \u00abWoche der Religionen\u00bb wieder ihre T\u00fcren. Wollten Sie schon immer einmal wissen, wie eine Moschee von innen aussieht? Interessiert es Sie, [&hellip;]<\/p>\n","protected":false},"author":4,"featured_media":667,"template":"","meta":{"_et_pb_use_builder":"","_et_pb_old_content":"","_et_gb_content_width":"","ngg_post_thumbnail":0,"_tribe_events_status":"","_tribe_events_status_reason":"","footnotes":""},"tags":[],"tribe_events_cat":[],"class_list":["post-3852","tribe_events","type-tribe_events","status-publish","has-post-thumbnail","hentry"],"yoast_head":"<!-- This site is optimized with the Yoast SEO plugin v27.4 - https:\/\/yoast.com\/product\/yoast-seo-wordpress\/ -->\n<title>Tag der offenen Moschee im Aargau - Verband Aargauer Muslime (VAM)<\/title>\n<meta name=\"robots\" content=\"index, follow, max-snippet:-1, max-image-preview:large, max-video-preview:-1\" \/>\n<link rel=\"canonical\" href=\"https:\/\/aargauermuslime.ch\/de\/veranstaltung\/tag-der-offenen-moschee-im-aargau\/\" \/>\n<meta property=\"og:locale\" content=\"de_DE\" \/>\n<meta property=\"og:type\" content=\"article\" \/>\n<meta property=\"og:title\" content=\"Tag der offenen Moschee im Aargau - Verband Aargauer Muslime (VAM)\" \/>\n<meta property=\"og:description\" content=\"Verschiedene Moscheen im Kanton Aargau \u00f6ffnen im Rahmen der \u00abWoche der Religionen\u00bb wieder ihre T\u00fcren. Wollten Sie schon immer einmal wissen, wie eine Moschee von innen aussieht? Interessiert es Sie, [&hellip;]\" \/>\n<meta property=\"og:url\" content=\"https:\/\/aargauermuslime.ch\/de\/veranstaltung\/tag-der-offenen-moschee-im-aargau\/\" \/>\n<meta property=\"og:site_name\" content=\"Verband Aargauer Muslime (VAM)\" \/>\n<meta property=\"article:publisher\" content=\"https:\/\/www.facebook.com\/groups\/aargauermuslime\" \/>\n<meta property=\"article:modified_time\" content=\"2023-09-30T16:36:40+00:00\" \/>\n<meta property=\"og:image\" content=\"https:\/\/aargauermuslime.ch\/de\/wp-content\/uploads\/2012\/11\/TdoM_2012-11-10_Besucher_Wohlen.jpg\" \/>\n\t<meta property=\"og:image:width\" content=\"709\" \/>\n\t<meta property=\"og:image:height\" content=\"531\" \/>\n\t<meta property=\"og:image:type\" content=\"image\/jpeg\" \/>\n<meta name=\"twitter:card\" content=\"summary_large_image\" \/>\n<meta name=\"twitter:label1\" content=\"Gesch\u00e4tzte Lesezeit\" \/>\n\t<meta name=\"twitter:data1\" content=\"1\u00a0Minute\" \/>\n<script type=\"application\/ld+json\" class=\"yoast-schema-graph\">{\"@context\":\"https:\\\/\\\/schema.org\",\"@graph\":[{\"@type\":\"WebPage\",\"@id\":\"https:\\\/\\\/aargauermuslime.ch\\\/de\\\/veranstaltung\\\/tag-der-offenen-moschee-im-aargau\\\/\",\"url\":\"https:\\\/\\\/aargauermuslime.ch\\\/de\\\/veranstaltung\\\/tag-der-offenen-moschee-im-aargau\\\/\",\"name\":\"Tag der offenen Moschee im Aargau - Verband Aargauer Muslime (VAM)\",\"isPartOf\":{\"@id\":\"https:\\\/\\\/aargauermuslime.ch\\\/de\\\/#website\"},\"primaryImageOfPage\":{\"@id\":\"https:\\\/\\\/aargauermuslime.ch\\\/de\\\/veranstaltung\\\/tag-der-offenen-moschee-im-aargau\\\/#primaryimage\"},\"image\":{\"@id\":\"https:\\\/\\\/aargauermuslime.ch\\\/de\\\/veranstaltung\\\/tag-der-offenen-moschee-im-aargau\\\/#primaryimage\"},\"thumbnailUrl\":\"https:\\\/\\\/aargauermuslime.ch\\\/de\\\/wp-content\\\/uploads\\\/2012\\\/11\\\/TdoM_2012-11-10_Besucher_Wohlen.jpg\",\"datePublished\":\"2022-12-21T18:51:56+00:00\",\"dateModified\":\"2023-09-30T16:36:40+00:00\",\"breadcrumb\":{\"@id\":\"https:\\\/\\\/aargauermuslime.ch\\\/de\\\/veranstaltung\\\/tag-der-offenen-moschee-im-aargau\\\/#breadcrumb\"},\"inLanguage\":\"de\",\"potentialAction\":[{\"@type\":\"ReadAction\",\"target\":[\"https:\\\/\\\/aargauermuslime.ch\\\/de\\\/veranstaltung\\\/tag-der-offenen-moschee-im-aargau\\\/\"]}]},{\"@type\":\"ImageObject\",\"inLanguage\":\"de\",\"@id\":\"https:\\\/\\\/aargauermuslime.ch\\\/de\\\/veranstaltung\\\/tag-der-offenen-moschee-im-aargau\\\/#primaryimage\",\"url\":\"https:\\\/\\\/aargauermuslime.ch\\\/de\\\/wp-content\\\/uploads\\\/2012\\\/11\\\/TdoM_2012-11-10_Besucher_Wohlen.jpg\",\"contentUrl\":\"https:\\\/\\\/aargauermuslime.ch\\\/de\\\/wp-content\\\/uploads\\\/2012\\\/11\\\/TdoM_2012-11-10_Besucher_Wohlen.jpg\",\"width\":709,\"height\":531,\"caption\":\"Besucher_Wohlen\"},{\"@type\":\"BreadcrumbList\",\"@id\":\"https:\\\/\\\/aargauermuslime.ch\\\/de\\\/veranstaltung\\\/tag-der-offenen-moschee-im-aargau\\\/#breadcrumb\",\"itemListElement\":[{\"@type\":\"ListItem\",\"position\":1,\"name\":\"Startseite\",\"item\":\"https:\\\/\\\/aargauermuslime.ch\\\/de\\\/\"},{\"@type\":\"ListItem\",\"position\":2,\"name\":\"Veranstaltungen\",\"item\":\"https:\\\/\\\/aargauermuslime.ch\\\/de\\\/veranstaltungen\\\/\"},{\"@type\":\"ListItem\",\"position\":3,\"name\":\"Tag der offenen Moschee im Aargau\"}]},{\"@type\":\"WebSite\",\"@id\":\"https:\\\/\\\/aargauermuslime.ch\\\/de\\\/#website\",\"url\":\"https:\\\/\\\/aargauermuslime.ch\\\/de\\\/\",\"name\":\"Verband Aargauer Muslime (VAM)\",\"description\":\"Dachverband der muslimischen Institutionen im Aargau\",\"publisher\":{\"@id\":\"https:\\\/\\\/aargauermuslime.ch\\\/de\\\/#organization\"},\"potentialAction\":[{\"@type\":\"SearchAction\",\"target\":{\"@type\":\"EntryPoint\",\"urlTemplate\":\"https:\\\/\\\/aargauermuslime.ch\\\/de\\\/?s={search_term_string}\"},\"query-input\":{\"@type\":\"PropertyValueSpecification\",\"valueRequired\":true,\"valueName\":\"search_term_string\"}}],\"inLanguage\":\"de\"},{\"@type\":\"Organization\",\"@id\":\"https:\\\/\\\/aargauermuslime.ch\\\/de\\\/#organization\",\"name\":\"Verband Aargauer Muslime\",\"alternateName\":\"VAM\",\"url\":\"https:\\\/\\\/aargauermuslime.ch\\\/de\\\/\",\"logo\":{\"@type\":\"ImageObject\",\"inLanguage\":\"de\",\"@id\":\"https:\\\/\\\/aargauermuslime.ch\\\/de\\\/#\\\/schema\\\/logo\\\/image\\\/\",\"url\":\"https:\\\/\\\/aargauermuslime.ch\\\/de\\\/wp-content\\\/uploads\\\/2019\\\/07\\\/VAM-Logo_web.jpg\",\"contentUrl\":\"https:\\\/\\\/aargauermuslime.ch\\\/de\\\/wp-content\\\/uploads\\\/2019\\\/07\\\/VAM-Logo_web.jpg\",\"width\":800,\"height\":181,\"caption\":\"Verband Aargauer Muslime\"},\"image\":{\"@id\":\"https:\\\/\\\/aargauermuslime.ch\\\/de\\\/#\\\/schema\\\/logo\\\/image\\\/\"},\"sameAs\":[\"https:\\\/\\\/www.facebook.com\\\/groups\\\/aargauermuslime\"]}]}<\/script>\n<!-- \/ Yoast SEO plugin. -->","yoast_head_json":{"title":"Tag der offenen Moschee im Aargau - Verband Aargauer Muslime (VAM)","robots":{"index":"index","follow":"follow","max-snippet":"max-snippet:-1","max-image-preview":"max-image-preview:large","max-video-preview":"max-video-preview:-1"},"canonical":"https:\/\/aargauermuslime.ch\/de\/veranstaltung\/tag-der-offenen-moschee-im-aargau\/","og_locale":"de_DE","og_type":"article","og_title":"Tag der offenen Moschee im Aargau - Verband Aargauer Muslime (VAM)","og_description":"Verschiedene Moscheen im Kanton Aargau \u00f6ffnen im Rahmen der \u00abWoche der Religionen\u00bb wieder ihre T\u00fcren. Wollten Sie schon immer einmal wissen, wie eine Moschee von innen aussieht? Interessiert es Sie, [&hellip;]","og_url":"https:\/\/aargauermuslime.ch\/de\/veranstaltung\/tag-der-offenen-moschee-im-aargau\/","og_site_name":"Verband Aargauer Muslime (VAM)","article_publisher":"https:\/\/www.facebook.com\/groups\/aargauermuslime","article_modified_time":"2023-09-30T16:36:40+00:00","og_image":[{"width":709,"height":531,"url":"https:\/\/aargauermuslime.ch\/de\/wp-content\/uploads\/2012\/11\/TdoM_2012-11-10_Besucher_Wohlen.jpg","type":"image\/jpeg"}],"twitter_card":"summary_large_image","twitter_misc":{"Gesch\u00e4tzte Lesezeit":"1\u00a0Minute"},"schema":{"@context":"https:\/\/schema.org","@graph":[{"@type":"WebPage","@id":"https:\/\/aargauermuslime.ch\/de\/veranstaltung\/tag-der-offenen-moschee-im-aargau\/","url":"https:\/\/aargauermuslime.ch\/de\/veranstaltung\/tag-der-offenen-moschee-im-aargau\/","name":"Tag der offenen Moschee im Aargau - Verband Aargauer Muslime (VAM)","isPartOf":{"@id":"https:\/\/aargauermuslime.ch\/de\/#website"},"primaryImageOfPage":{"@id":"https:\/\/aargauermuslime.ch\/de\/veranstaltung\/tag-der-offenen-moschee-im-aargau\/#primaryimage"},"image":{"@id":"https:\/\/aargauermuslime.ch\/de\/veranstaltung\/tag-der-offenen-moschee-im-aargau\/#primaryimage"},"thumbnailUrl":"https:\/\/aargauermuslime.ch\/de\/wp-content\/uploads\/2012\/11\/TdoM_2012-11-10_Besucher_Wohlen.jpg","datePublished":"2022-12-21T18:51:56+00:00","dateModified":"2023-09-30T16:36:40+00:00","breadcrumb":{"@id":"https:\/\/aargauermuslime.ch\/de\/veranstaltung\/tag-der-offenen-moschee-im-aargau\/#breadcrumb"},"inLanguage":"de","potentialAction":[{"@type":"ReadAction","target":["https:\/\/aargauermuslime.ch\/de\/veranstaltung\/tag-der-offenen-moschee-im-aargau\/"]}]},{"@type":"ImageObject","inLanguage":"de","@id":"https:\/\/aargauermuslime.ch\/de\/veranstaltung\/tag-der-offenen-moschee-im-aargau\/#primaryimage","url":"https:\/\/aargauermuslime.ch\/de\/wp-content\/uploads\/2012\/11\/TdoM_2012-11-10_Besucher_Wohlen.jpg","contentUrl":"https:\/\/aargauermuslime.ch\/de\/wp-content\/uploads\/2012\/11\/TdoM_2012-11-10_Besucher_Wohlen.jpg","width":709,"height":531,"caption":"Besucher_Wohlen"},{"@type":"BreadcrumbList","@id":"https:\/\/aargauermuslime.ch\/de\/veranstaltung\/tag-der-offenen-moschee-im-aargau\/#breadcrumb","itemListElement":[{"@type":"ListItem","position":1,"name":"Startseite","item":"https:\/\/aargauermuslime.ch\/de\/"},{"@type":"ListItem","position":2,"name":"Veranstaltungen","item":"https:\/\/aargauermuslime.ch\/de\/veranstaltungen\/"},{"@type":"ListItem","position":3,"name":"Tag der offenen Moschee im Aargau"}]},{"@type":"WebSite","@id":"https:\/\/aargauermuslime.ch\/de\/#website","url":"https:\/\/aargauermuslime.ch\/de\/","name":"Verband Aargauer Muslime (VAM)","description":"Dachverband der muslimischen Institutionen im Aargau","publisher":{"@id":"https:\/\/aargauermuslime.ch\/de\/#organization"},"potentialAction":[{"@type":"SearchAction","target":{"@type":"EntryPoint","urlTemplate":"https:\/\/aargauermuslime.ch\/de\/?s={search_term_string}"},"query-input":{"@type":"PropertyValueSpecification","valueRequired":true,"valueName":"search_term_string"}}],"inLanguage":"de"},{"@type":"Organization","@id":"https:\/\/aargauermuslime.ch\/de\/#organization","name":"Verband Aargauer Muslime","alternateName":"VAM","url":"https:\/\/aargauermuslime.ch\/de\/","logo":{"@type":"ImageObject","inLanguage":"de","@id":"https:\/\/aargauermuslime.ch\/de\/#\/schema\/logo\/image\/","url":"https:\/\/aargauermuslime.ch\/de\/wp-content\/uploads\/2019\/07\/VAM-Logo_web.jpg","contentUrl":"https:\/\/aargauermuslime.ch\/de\/wp-content\/uploads\/2019\/07\/VAM-Logo_web.jpg","width":800,"height":181,"caption":"Verband Aargauer Muslime"},"image":{"@id":"https:\/\/aargauermuslime.ch\/de\/#\/schema\/logo\/image\/"},"sameAs":["https:\/\/www.facebook.com\/groups\/aargauermuslime"]}]}},"_links":{"self":[{"href":"https:\/\/aargauermuslime.ch\/de\/wp-json\/wp\/v2\/tribe_events\/3852","targetHints":{"allow":["GET"]}}],"collection":[{"href":"https:\/\/aargauermuslime.ch\/de\/wp-json\/wp\/v2\/tribe_events"}],"about":[{"href":"https:\/\/aargauermuslime.ch\/de\/wp-json\/wp\/v2\/types\/tribe_events"}],"author":[{"embeddable":true,"href":"https:\/\/aargauermuslime.ch\/de\/wp-json\/wp\/v2\/users\/4"}],"version-history":[{"count":4,"href":"https:\/\/aargauermuslime.ch\/de\/wp-json\/wp\/v2\/tribe_events\/3852\/revisions"}],"predecessor-version":[{"id":4018,"href":"https:\/\/aargauermuslime.ch\/de\/wp-json\/wp\/v2\/tribe_events\/3852\/revisions\/4018"}],"wp:featuredmedia":[{"embeddable":true,"href":"https:\/\/aargauermuslime.ch\/de\/wp-json\/wp\/v2\/media\/667"}],"wp:attachment":[{"href":"https:\/\/aargauermuslime.ch\/de\/wp-json\/wp\/v2\/media?parent=3852"}],"wp:term":[{"taxonomy":"post_tag","embeddable":true,"href":"https:\/\/aargauermuslime.ch\/de\/wp-json\/wp\/v2\/tags?post=3852"},{"taxonomy":"tribe_events_cat","embeddable":true,"href":"https:\/\/aargauermuslime.ch\/de\/wp-json\/wp\/v2\/tribe_events_cat?post=3852"}],"curies":[{"name":"wp","href":"https:\/\/api.w.org\/{rel}","templated":true}]}}