{"id":3980,"date":"2023-09-07T19:30:03","date_gmt":"2023-09-07T17:30:03","guid":{"rendered":"https:\/\/aargauermuslime.ch\/de\/?post_type=tribe_events&#038;p=3980"},"modified":"2023-09-07T19:30:03","modified_gmt":"2023-09-07T17:30:03","slug":"wir-haben-einen-traum-film-mit-anschliessender-podiumsdiskussion","status":"publish","type":"tribe_events","link":"https:\/\/aargauermuslime.ch\/de\/veranstaltung\/wir-haben-einen-traum-film-mit-anschliessender-podiumsdiskussion\/","title":{"rendered":"\u00abWir haben einen Traum\u00bb &#8211; Film mit anschliessender Podiumsdiskussion"},"content":{"rendered":"<p>Im Rahmen der Kampagne \u00ab<a href=\"https:\/\/www.bildung-jetzt.ch\/\" target=\"_blank\" rel=\"noopener\">Bildung f\u00fcr alle \u2013 jetzt!<\/a>\u00bb organisiert die Reformierte Kirche Aargau in Zusammenarbeit mit dem Verband Aargauer Muslime (VAM) und der R\u00f6misch-Katholischen Kirche Aargau einen Abend, an welchem Bildungs- und Arbeitsm\u00f6glichkeiten f\u00fcr Gefl\u00fcchtete thematisiert und diskutiert werden sollen.<\/p>\n<p>Zuerst wird der Kurzfilm \u00abWir haben einen Traum\u00bb gezeigt.<\/p>\n<p>Danach diskutieren Bildungspolitiker:innen, Betroffene, Fachpersonen und Freiwillige \u00fcber aktuelle Hindernisse beim Bildungszugang im Kanton Aargau und dar\u00fcber, wie diese abgebaut werden k\u00f6nnen.<\/p>\n<p>Anschliessend kann bei einem Ap\u00e9ro weiterdiskutiert werden.<\/p>\n<p>Weitere Details k\u00f6nnen im <a href=\"https:\/\/aargauermuslime.ch\/de\/wp-content\/uploads\/2023\/09\/Wir_haben_einen_Traum_Flyer.pdf\" target=\"_blank\" rel=\"noopener\">Flyer<\/a> eingesehen werden.<\/p>\n","protected":false},"excerpt":{"rendered":"<p>Im Rahmen der Kampagne \u00abBildung f\u00fcr alle \u2013 jetzt!\u00bb organisiert die Reformierte Kirche Aargau in Zusammenarbeit mit dem Verband Aargauer Muslime (VAM) und der R\u00f6misch-Katholischen Kirche Aargau einen Abend, an [&hellip;]<\/p>\n","protected":false},"author":4,"featured_media":3977,"template":"","meta":{"_et_pb_use_builder":"","_et_pb_old_content":"","_et_gb_content_width":"","ngg_post_thumbnail":0,"_tribe_events_status":"","_tribe_events_status_reason":"","footnotes":""},"tags":[],"tribe_events_cat":[],"class_list":["post-3980","tribe_events","type-tribe_events","status-publish","has-post-thumbnail","hentry"],"yoast_head":"<!-- This site is optimized with the Yoast SEO plugin v27.4 - https:\/\/yoast.com\/product\/yoast-seo-wordpress\/ -->\n<title>\u00abWir haben einen Traum\u00bb - Film mit anschliessender Podiumsdiskussion - Verband Aargauer Muslime (VAM)<\/title>\n<meta name=\"robots\" content=\"index, follow, max-snippet:-1, max-image-preview:large, max-video-preview:-1\" \/>\n<link rel=\"canonical\" href=\"https:\/\/aargauermuslime.ch\/de\/veranstaltung\/wir-haben-einen-traum-film-mit-anschliessender-podiumsdiskussion\/\" \/>\n<meta property=\"og:locale\" content=\"de_DE\" \/>\n<meta property=\"og:type\" content=\"article\" \/>\n<meta property=\"og:title\" content=\"\u00abWir haben einen Traum\u00bb - Film mit anschliessender Podiumsdiskussion - Verband Aargauer Muslime (VAM)\" \/>\n<meta property=\"og:description\" content=\"Im Rahmen der Kampagne \u00abBildung f\u00fcr alle \u2013 jetzt!\u00bb organisiert die Reformierte Kirche Aargau in Zusammenarbeit mit dem Verband Aargauer Muslime (VAM) und der R\u00f6misch-Katholischen Kirche Aargau einen Abend, an [&hellip;]\" \/>\n<meta property=\"og:url\" content=\"https:\/\/aargauermuslime.ch\/de\/veranstaltung\/wir-haben-einen-traum-film-mit-anschliessender-podiumsdiskussion\/\" \/>\n<meta property=\"og:site_name\" content=\"Verband Aargauer Muslime (VAM)\" \/>\n<meta property=\"article:publisher\" content=\"https:\/\/www.facebook.com\/groups\/aargauermuslime\" \/>\n<meta property=\"og:image\" content=\"https:\/\/aargauermuslime.ch\/de\/wp-content\/uploads\/2023\/09\/Wir-haben-einen-Traum_Banner.jpg\" \/>\n\t<meta property=\"og:image:width\" content=\"1080\" \/>\n\t<meta property=\"og:image:height\" content=\"1080\" \/>\n\t<meta property=\"og:image:type\" content=\"image\/jpeg\" \/>\n<meta name=\"twitter:card\" content=\"summary_large_image\" \/>\n<meta name=\"twitter:label1\" content=\"Gesch\u00e4tzte Lesezeit\" \/>\n\t<meta name=\"twitter:data1\" content=\"1\u00a0Minute\" \/>\n<script type=\"application\/ld+json\" class=\"yoast-schema-graph\">{\"@context\":\"https:\\\/\\\/schema.org\",\"@graph\":[{\"@type\":\"WebPage\",\"@id\":\"https:\\\/\\\/aargauermuslime.ch\\\/de\\\/veranstaltung\\\/wir-haben-einen-traum-film-mit-anschliessender-podiumsdiskussion\\\/\",\"url\":\"https:\\\/\\\/aargauermuslime.ch\\\/de\\\/veranstaltung\\\/wir-haben-einen-traum-film-mit-anschliessender-podiumsdiskussion\\\/\",\"name\":\"\u00abWir haben einen Traum\u00bb - Film mit anschliessender Podiumsdiskussion - Verband Aargauer Muslime (VAM)\",\"isPartOf\":{\"@id\":\"https:\\\/\\\/aargauermuslime.ch\\\/de\\\/#website\"},\"primaryImageOfPage\":{\"@id\":\"https:\\\/\\\/aargauermuslime.ch\\\/de\\\/veranstaltung\\\/wir-haben-einen-traum-film-mit-anschliessender-podiumsdiskussion\\\/#primaryimage\"},\"image\":{\"@id\":\"https:\\\/\\\/aargauermuslime.ch\\\/de\\\/veranstaltung\\\/wir-haben-einen-traum-film-mit-anschliessender-podiumsdiskussion\\\/#primaryimage\"},\"thumbnailUrl\":\"https:\\\/\\\/aargauermuslime.ch\\\/de\\\/wp-content\\\/uploads\\\/2023\\\/09\\\/Wir-haben-einen-Traum_Banner.jpg\",\"datePublished\":\"2023-09-07T17:30:03+00:00\",\"breadcrumb\":{\"@id\":\"https:\\\/\\\/aargauermuslime.ch\\\/de\\\/veranstaltung\\\/wir-haben-einen-traum-film-mit-anschliessender-podiumsdiskussion\\\/#breadcrumb\"},\"inLanguage\":\"de\",\"potentialAction\":[{\"@type\":\"ReadAction\",\"target\":[\"https:\\\/\\\/aargauermuslime.ch\\\/de\\\/veranstaltung\\\/wir-haben-einen-traum-film-mit-anschliessender-podiumsdiskussion\\\/\"]}]},{\"@type\":\"ImageObject\",\"inLanguage\":\"de\",\"@id\":\"https:\\\/\\\/aargauermuslime.ch\\\/de\\\/veranstaltung\\\/wir-haben-einen-traum-film-mit-anschliessender-podiumsdiskussion\\\/#primaryimage\",\"url\":\"https:\\\/\\\/aargauermuslime.ch\\\/de\\\/wp-content\\\/uploads\\\/2023\\\/09\\\/Wir-haben-einen-Traum_Banner.jpg\",\"contentUrl\":\"https:\\\/\\\/aargauermuslime.ch\\\/de\\\/wp-content\\\/uploads\\\/2023\\\/09\\\/Wir-haben-einen-Traum_Banner.jpg\",\"width\":1080,\"height\":1080},{\"@type\":\"BreadcrumbList\",\"@id\":\"https:\\\/\\\/aargauermuslime.ch\\\/de\\\/veranstaltung\\\/wir-haben-einen-traum-film-mit-anschliessender-podiumsdiskussion\\\/#breadcrumb\",\"itemListElement\":[{\"@type\":\"ListItem\",\"position\":1,\"name\":\"Startseite\",\"item\":\"https:\\\/\\\/aargauermuslime.ch\\\/de\\\/\"},{\"@type\":\"ListItem\",\"position\":2,\"name\":\"Veranstaltungen\",\"item\":\"https:\\\/\\\/aargauermuslime.ch\\\/de\\\/veranstaltungen\\\/\"},{\"@type\":\"ListItem\",\"position\":3,\"name\":\"\u00abWir haben einen Traum\u00bb &#8211; Film mit anschliessender Podiumsdiskussion\"}]},{\"@type\":\"WebSite\",\"@id\":\"https:\\\/\\\/aargauermuslime.ch\\\/de\\\/#website\",\"url\":\"https:\\\/\\\/aargauermuslime.ch\\\/de\\\/\",\"name\":\"Verband Aargauer Muslime (VAM)\",\"description\":\"Dachverband der muslimischen Institutionen im Aargau\",\"publisher\":{\"@id\":\"https:\\\/\\\/aargauermuslime.ch\\\/de\\\/#organization\"},\"potentialAction\":[{\"@type\":\"SearchAction\",\"target\":{\"@type\":\"EntryPoint\",\"urlTemplate\":\"https:\\\/\\\/aargauermuslime.ch\\\/de\\\/?s={search_term_string}\"},\"query-input\":{\"@type\":\"PropertyValueSpecification\",\"valueRequired\":true,\"valueName\":\"search_term_string\"}}],\"inLanguage\":\"de\"},{\"@type\":\"Organization\",\"@id\":\"https:\\\/\\\/aargauermuslime.ch\\\/de\\\/#organization\",\"name\":\"Verband Aargauer Muslime\",\"alternateName\":\"VAM\",\"url\":\"https:\\\/\\\/aargauermuslime.ch\\\/de\\\/\",\"logo\":{\"@type\":\"ImageObject\",\"inLanguage\":\"de\",\"@id\":\"https:\\\/\\\/aargauermuslime.ch\\\/de\\\/#\\\/schema\\\/logo\\\/image\\\/\",\"url\":\"https:\\\/\\\/aargauermuslime.ch\\\/de\\\/wp-content\\\/uploads\\\/2019\\\/07\\\/VAM-Logo_web.jpg\",\"contentUrl\":\"https:\\\/\\\/aargauermuslime.ch\\\/de\\\/wp-content\\\/uploads\\\/2019\\\/07\\\/VAM-Logo_web.jpg\",\"width\":800,\"height\":181,\"caption\":\"Verband Aargauer Muslime\"},\"image\":{\"@id\":\"https:\\\/\\\/aargauermuslime.ch\\\/de\\\/#\\\/schema\\\/logo\\\/image\\\/\"},\"sameAs\":[\"https:\\\/\\\/www.facebook.com\\\/groups\\\/aargauermuslime\"]}]}<\/script>\n<!-- \/ Yoast SEO plugin. -->","yoast_head_json":{"title":"\u00abWir haben einen Traum\u00bb - Film mit anschliessender Podiumsdiskussion - Verband Aargauer Muslime (VAM)","robots":{"index":"index","follow":"follow","max-snippet":"max-snippet:-1","max-image-preview":"max-image-preview:large","max-video-preview":"max-video-preview:-1"},"canonical":"https:\/\/aargauermuslime.ch\/de\/veranstaltung\/wir-haben-einen-traum-film-mit-anschliessender-podiumsdiskussion\/","og_locale":"de_DE","og_type":"article","og_title":"\u00abWir haben einen Traum\u00bb - Film mit anschliessender Podiumsdiskussion - Verband Aargauer Muslime (VAM)","og_description":"Im Rahmen der Kampagne \u00abBildung f\u00fcr alle \u2013 jetzt!\u00bb organisiert die Reformierte Kirche Aargau in Zusammenarbeit mit dem Verband Aargauer Muslime (VAM) und der R\u00f6misch-Katholischen Kirche Aargau einen Abend, an [&hellip;]","og_url":"https:\/\/aargauermuslime.ch\/de\/veranstaltung\/wir-haben-einen-traum-film-mit-anschliessender-podiumsdiskussion\/","og_site_name":"Verband Aargauer Muslime (VAM)","article_publisher":"https:\/\/www.facebook.com\/groups\/aargauermuslime","og_image":[{"width":1080,"height":1080,"url":"https:\/\/aargauermuslime.ch\/de\/wp-content\/uploads\/2023\/09\/Wir-haben-einen-Traum_Banner.jpg","type":"image\/jpeg"}],"twitter_card":"summary_large_image","twitter_misc":{"Gesch\u00e4tzte Lesezeit":"1\u00a0Minute"},"schema":{"@context":"https:\/\/schema.org","@graph":[{"@type":"WebPage","@id":"https:\/\/aargauermuslime.ch\/de\/veranstaltung\/wir-haben-einen-traum-film-mit-anschliessender-podiumsdiskussion\/","url":"https:\/\/aargauermuslime.ch\/de\/veranstaltung\/wir-haben-einen-traum-film-mit-anschliessender-podiumsdiskussion\/","name":"\u00abWir haben einen Traum\u00bb - Film mit anschliessender Podiumsdiskussion - Verband Aargauer Muslime (VAM)","isPartOf":{"@id":"https:\/\/aargauermuslime.ch\/de\/#website"},"primaryImageOfPage":{"@id":"https:\/\/aargauermuslime.ch\/de\/veranstaltung\/wir-haben-einen-traum-film-mit-anschliessender-podiumsdiskussion\/#primaryimage"},"image":{"@id":"https:\/\/aargauermuslime.ch\/de\/veranstaltung\/wir-haben-einen-traum-film-mit-anschliessender-podiumsdiskussion\/#primaryimage"},"thumbnailUrl":"https:\/\/aargauermuslime.ch\/de\/wp-content\/uploads\/2023\/09\/Wir-haben-einen-Traum_Banner.jpg","datePublished":"2023-09-07T17:30:03+00:00","breadcrumb":{"@id":"https:\/\/aargauermuslime.ch\/de\/veranstaltung\/wir-haben-einen-traum-film-mit-anschliessender-podiumsdiskussion\/#breadcrumb"},"inLanguage":"de","potentialAction":[{"@type":"ReadAction","target":["https:\/\/aargauermuslime.ch\/de\/veranstaltung\/wir-haben-einen-traum-film-mit-anschliessender-podiumsdiskussion\/"]}]},{"@type":"ImageObject","inLanguage":"de","@id":"https:\/\/aargauermuslime.ch\/de\/veranstaltung\/wir-haben-einen-traum-film-mit-anschliessender-podiumsdiskussion\/#primaryimage","url":"https:\/\/aargauermuslime.ch\/de\/wp-content\/uploads\/2023\/09\/Wir-haben-einen-Traum_Banner.jpg","contentUrl":"https:\/\/aargauermuslime.ch\/de\/wp-content\/uploads\/2023\/09\/Wir-haben-einen-Traum_Banner.jpg","width":1080,"height":1080},{"@type":"BreadcrumbList","@id":"https:\/\/aargauermuslime.ch\/de\/veranstaltung\/wir-haben-einen-traum-film-mit-anschliessender-podiumsdiskussion\/#breadcrumb","itemListElement":[{"@type":"ListItem","position":1,"name":"Startseite","item":"https:\/\/aargauermuslime.ch\/de\/"},{"@type":"ListItem","position":2,"name":"Veranstaltungen","item":"https:\/\/aargauermuslime.ch\/de\/veranstaltungen\/"},{"@type":"ListItem","position":3,"name":"\u00abWir haben einen Traum\u00bb &#8211; Film mit anschliessender Podiumsdiskussion"}]},{"@type":"WebSite","@id":"https:\/\/aargauermuslime.ch\/de\/#website","url":"https:\/\/aargauermuslime.ch\/de\/","name":"Verband Aargauer Muslime (VAM)","description":"Dachverband der muslimischen Institutionen im Aargau","publisher":{"@id":"https:\/\/aargauermuslime.ch\/de\/#organization"},"potentialAction":[{"@type":"SearchAction","target":{"@type":"EntryPoint","urlTemplate":"https:\/\/aargauermuslime.ch\/de\/?s={search_term_string}"},"query-input":{"@type":"PropertyValueSpecification","valueRequired":true,"valueName":"search_term_string"}}],"inLanguage":"de"},{"@type":"Organization","@id":"https:\/\/aargauermuslime.ch\/de\/#organization","name":"Verband Aargauer Muslime","alternateName":"VAM","url":"https:\/\/aargauermuslime.ch\/de\/","logo":{"@type":"ImageObject","inLanguage":"de","@id":"https:\/\/aargauermuslime.ch\/de\/#\/schema\/logo\/image\/","url":"https:\/\/aargauermuslime.ch\/de\/wp-content\/uploads\/2019\/07\/VAM-Logo_web.jpg","contentUrl":"https:\/\/aargauermuslime.ch\/de\/wp-content\/uploads\/2019\/07\/VAM-Logo_web.jpg","width":800,"height":181,"caption":"Verband Aargauer Muslime"},"image":{"@id":"https:\/\/aargauermuslime.ch\/de\/#\/schema\/logo\/image\/"},"sameAs":["https:\/\/www.facebook.com\/groups\/aargauermuslime"]}]}},"_links":{"self":[{"href":"https:\/\/aargauermuslime.ch\/de\/wp-json\/wp\/v2\/tribe_events\/3980","targetHints":{"allow":["GET"]}}],"collection":[{"href":"https:\/\/aargauermuslime.ch\/de\/wp-json\/wp\/v2\/tribe_events"}],"about":[{"href":"https:\/\/aargauermuslime.ch\/de\/wp-json\/wp\/v2\/types\/tribe_events"}],"author":[{"embeddable":true,"href":"https:\/\/aargauermuslime.ch\/de\/wp-json\/wp\/v2\/users\/4"}],"version-history":[{"count":1,"href":"https:\/\/aargauermuslime.ch\/de\/wp-json\/wp\/v2\/tribe_events\/3980\/revisions"}],"predecessor-version":[{"id":3981,"href":"https:\/\/aargauermuslime.ch\/de\/wp-json\/wp\/v2\/tribe_events\/3980\/revisions\/3981"}],"wp:featuredmedia":[{"embeddable":true,"href":"https:\/\/aargauermuslime.ch\/de\/wp-json\/wp\/v2\/media\/3977"}],"wp:attachment":[{"href":"https:\/\/aargauermuslime.ch\/de\/wp-json\/wp\/v2\/media?parent=3980"}],"wp:term":[{"taxonomy":"post_tag","embeddable":true,"href":"https:\/\/aargauermuslime.ch\/de\/wp-json\/wp\/v2\/tags?post=3980"},{"taxonomy":"tribe_events_cat","embeddable":true,"href":"https:\/\/aargauermuslime.ch\/de\/wp-json\/wp\/v2\/tribe_events_cat?post=3980"}],"curies":[{"name":"wp","href":"https:\/\/api.w.org\/{rel}","templated":true}]}}