{"id":4001,"date":"2023-09-30T18:20:56","date_gmt":"2023-09-30T16:20:56","guid":{"rendered":"https:\/\/aargauermuslime.ch\/de\/?post_type=tribe_events&#038;p=4001"},"modified":"2023-09-30T18:24:55","modified_gmt":"2023-09-30T16:24:55","slug":"5-teilige-oekumenische-veranstaltungsreihe-heimat-oder-wie-wir-beheimatet-sind-2-abend","status":"publish","type":"tribe_events","link":"https:\/\/aargauermuslime.ch\/de\/veranstaltung\/5-teilige-oekumenische-veranstaltungsreihe-heimat-oder-wie-wir-beheimatet-sind-2-abend\/","title":{"rendered":"5-teilige \u00f6kumenische Veranstaltungsreihe: \u00abHeimat. Oder: Wie wir beheimatet sind \u2026\u00bb (2. Abend)"},"content":{"rendered":"<p>F\u00fcnf offene Abende des Interreligi\u00f6sen und interkulturellen Arbeitskreises Gebenstorf (IRIKAK).<\/p>\n<p>Thema: <strong>Wo sind wir zu Hause, wo geh\u00f6ren wir dazu, was ist unsere \u00e4ussere und was ist unsere innere Heimat?<\/strong><\/p>\n<ul>\n<li>1. Abend: Do, 26. 10. 23, 19:30 Uhr<br \/>\n<strong>Wir \u2026 und die Heimat<\/strong>.<br \/>\nHaben wir eine?<\/li>\n<li>2. Abend: Do, 2. 11. 23, 19:30 Uhr<br \/>\n<strong>Meine vielen \u00abHeimaten\u00bb.<\/strong><br \/>\nWie soll das gehen?<\/li>\n<li>3. Abend: Do, 9. 11. 23, 19:30 Uhr<br \/>\n<strong>Heimatlos in einer multikulturellen Welt?<\/strong><br \/>\nVerlust\u00e4ngste<\/li>\n<li>4. Abend: Do, 16. 11. 23, 19:30 Uhr<br \/>\n<strong>Alternativen zur Heimat?<\/strong><br \/>\nGibt es das? Sollte es das geben?<\/li>\n<li>5. Abend: Do, 23. 11. 23, 19:30 Uhr<br \/>\n<strong>\u00d6ffentlicher Lese- und Begegnungsabend mit Usama Al Shahmani<\/strong>,<br \/>\nAutor (u.a.) des Buches \u00abIn der Fremde sprechen die B\u00e4ume arabisch\u00bb<\/li>\n<\/ul>\n<p><strong>Weitere Infos<\/strong>: Siehe <a href=\"https:\/\/aargauermuslime.ch\/de\/wp-content\/uploads\/2023\/09\/Flyer_Heimat_Gebenstorf.pdf\" target=\"_blank\" rel=\"noopener\">Flyer<\/a>.<\/p>\n","protected":false},"excerpt":{"rendered":"<p>F\u00fcnf offene Abende des Interreligi\u00f6sen und interkulturellen Arbeitskreises Gebenstorf (IRIKAK). Thema: Wo sind wir zu Hause, wo geh\u00f6ren wir dazu, was ist unsere \u00e4ussere und was ist unsere innere Heimat? [&hellip;]<\/p>\n","protected":false},"author":4,"featured_media":3992,"template":"","meta":{"_et_pb_use_builder":"","_et_pb_old_content":"","_et_gb_content_width":"","ngg_post_thumbnail":0,"_tribe_events_status":"","_tribe_events_status_reason":"","footnotes":""},"tags":[],"tribe_events_cat":[],"class_list":["post-4001","tribe_events","type-tribe_events","status-publish","has-post-thumbnail","hentry"],"yoast_head":"<!-- This site is optimized with the Yoast SEO plugin v27.4 - https:\/\/yoast.com\/product\/yoast-seo-wordpress\/ -->\n<title>5-teilige \u00f6kumenische Veranstaltungsreihe: \u00abHeimat. Oder: Wie wir beheimatet sind \u2026\u00bb (2. Abend) - Verband Aargauer Muslime (VAM)<\/title>\n<meta name=\"robots\" content=\"index, follow, max-snippet:-1, max-image-preview:large, max-video-preview:-1\" \/>\n<link rel=\"canonical\" href=\"https:\/\/aargauermuslime.ch\/de\/veranstaltung\/5-teilige-oekumenische-veranstaltungsreihe-heimat-oder-wie-wir-beheimatet-sind-2-abend\/\" \/>\n<meta property=\"og:locale\" content=\"de_DE\" \/>\n<meta property=\"og:type\" content=\"article\" \/>\n<meta property=\"og:title\" content=\"5-teilige \u00f6kumenische Veranstaltungsreihe: \u00abHeimat. Oder: Wie wir beheimatet sind \u2026\u00bb (2. Abend) - Verband Aargauer Muslime (VAM)\" \/>\n<meta property=\"og:description\" content=\"F\u00fcnf offene Abende des Interreligi\u00f6sen und interkulturellen Arbeitskreises Gebenstorf (IRIKAK). Thema: Wo sind wir zu Hause, wo geh\u00f6ren wir dazu, was ist unsere \u00e4ussere und was ist unsere innere Heimat? [&hellip;]\" \/>\n<meta property=\"og:url\" content=\"https:\/\/aargauermuslime.ch\/de\/veranstaltung\/5-teilige-oekumenische-veranstaltungsreihe-heimat-oder-wie-wir-beheimatet-sind-2-abend\/\" \/>\n<meta property=\"og:site_name\" content=\"Verband Aargauer Muslime (VAM)\" \/>\n<meta property=\"article:publisher\" content=\"https:\/\/www.facebook.com\/groups\/aargauermuslime\" \/>\n<meta property=\"article:modified_time\" content=\"2023-09-30T16:24:55+00:00\" \/>\n<meta property=\"og:image\" content=\"https:\/\/aargauermuslime.ch\/de\/wp-content\/uploads\/2023\/09\/Beitragsbild_Heimat_Gebenstorf.jpg\" \/>\n\t<meta property=\"og:image:width\" content=\"680\" \/>\n\t<meta property=\"og:image:height\" content=\"382\" \/>\n\t<meta property=\"og:image:type\" content=\"image\/jpeg\" \/>\n<meta name=\"twitter:card\" content=\"summary_large_image\" \/>\n<meta name=\"twitter:label1\" content=\"Gesch\u00e4tzte Lesezeit\" \/>\n\t<meta name=\"twitter:data1\" content=\"1\u00a0Minute\" \/>\n<script type=\"application\/ld+json\" class=\"yoast-schema-graph\">{\"@context\":\"https:\\\/\\\/schema.org\",\"@graph\":[{\"@type\":\"WebPage\",\"@id\":\"https:\\\/\\\/aargauermuslime.ch\\\/de\\\/veranstaltung\\\/5-teilige-oekumenische-veranstaltungsreihe-heimat-oder-wie-wir-beheimatet-sind-2-abend\\\/\",\"url\":\"https:\\\/\\\/aargauermuslime.ch\\\/de\\\/veranstaltung\\\/5-teilige-oekumenische-veranstaltungsreihe-heimat-oder-wie-wir-beheimatet-sind-2-abend\\\/\",\"name\":\"5-teilige \u00f6kumenische Veranstaltungsreihe: \u00abHeimat. Oder: Wie wir beheimatet sind \u2026\u00bb (2. Abend) - Verband Aargauer Muslime (VAM)\",\"isPartOf\":{\"@id\":\"https:\\\/\\\/aargauermuslime.ch\\\/de\\\/#website\"},\"primaryImageOfPage\":{\"@id\":\"https:\\\/\\\/aargauermuslime.ch\\\/de\\\/veranstaltung\\\/5-teilige-oekumenische-veranstaltungsreihe-heimat-oder-wie-wir-beheimatet-sind-2-abend\\\/#primaryimage\"},\"image\":{\"@id\":\"https:\\\/\\\/aargauermuslime.ch\\\/de\\\/veranstaltung\\\/5-teilige-oekumenische-veranstaltungsreihe-heimat-oder-wie-wir-beheimatet-sind-2-abend\\\/#primaryimage\"},\"thumbnailUrl\":\"https:\\\/\\\/aargauermuslime.ch\\\/de\\\/wp-content\\\/uploads\\\/2023\\\/09\\\/Beitragsbild_Heimat_Gebenstorf.jpg\",\"datePublished\":\"2023-09-30T16:20:56+00:00\",\"dateModified\":\"2023-09-30T16:24:55+00:00\",\"breadcrumb\":{\"@id\":\"https:\\\/\\\/aargauermuslime.ch\\\/de\\\/veranstaltung\\\/5-teilige-oekumenische-veranstaltungsreihe-heimat-oder-wie-wir-beheimatet-sind-2-abend\\\/#breadcrumb\"},\"inLanguage\":\"de\",\"potentialAction\":[{\"@type\":\"ReadAction\",\"target\":[\"https:\\\/\\\/aargauermuslime.ch\\\/de\\\/veranstaltung\\\/5-teilige-oekumenische-veranstaltungsreihe-heimat-oder-wie-wir-beheimatet-sind-2-abend\\\/\"]}]},{\"@type\":\"ImageObject\",\"inLanguage\":\"de\",\"@id\":\"https:\\\/\\\/aargauermuslime.ch\\\/de\\\/veranstaltung\\\/5-teilige-oekumenische-veranstaltungsreihe-heimat-oder-wie-wir-beheimatet-sind-2-abend\\\/#primaryimage\",\"url\":\"https:\\\/\\\/aargauermuslime.ch\\\/de\\\/wp-content\\\/uploads\\\/2023\\\/09\\\/Beitragsbild_Heimat_Gebenstorf.jpg\",\"contentUrl\":\"https:\\\/\\\/aargauermuslime.ch\\\/de\\\/wp-content\\\/uploads\\\/2023\\\/09\\\/Beitragsbild_Heimat_Gebenstorf.jpg\",\"width\":680,\"height\":382},{\"@type\":\"BreadcrumbList\",\"@id\":\"https:\\\/\\\/aargauermuslime.ch\\\/de\\\/veranstaltung\\\/5-teilige-oekumenische-veranstaltungsreihe-heimat-oder-wie-wir-beheimatet-sind-2-abend\\\/#breadcrumb\",\"itemListElement\":[{\"@type\":\"ListItem\",\"position\":1,\"name\":\"Startseite\",\"item\":\"https:\\\/\\\/aargauermuslime.ch\\\/de\\\/\"},{\"@type\":\"ListItem\",\"position\":2,\"name\":\"Veranstaltungen\",\"item\":\"https:\\\/\\\/aargauermuslime.ch\\\/de\\\/veranstaltungen\\\/\"},{\"@type\":\"ListItem\",\"position\":3,\"name\":\"5-teilige \u00f6kumenische Veranstaltungsreihe: \u00abHeimat. Oder: Wie wir beheimatet sind \u2026\u00bb (2. Abend)\"}]},{\"@type\":\"WebSite\",\"@id\":\"https:\\\/\\\/aargauermuslime.ch\\\/de\\\/#website\",\"url\":\"https:\\\/\\\/aargauermuslime.ch\\\/de\\\/\",\"name\":\"Verband Aargauer Muslime (VAM)\",\"description\":\"Dachverband der muslimischen Institutionen im Aargau\",\"publisher\":{\"@id\":\"https:\\\/\\\/aargauermuslime.ch\\\/de\\\/#organization\"},\"potentialAction\":[{\"@type\":\"SearchAction\",\"target\":{\"@type\":\"EntryPoint\",\"urlTemplate\":\"https:\\\/\\\/aargauermuslime.ch\\\/de\\\/?s={search_term_string}\"},\"query-input\":{\"@type\":\"PropertyValueSpecification\",\"valueRequired\":true,\"valueName\":\"search_term_string\"}}],\"inLanguage\":\"de\"},{\"@type\":\"Organization\",\"@id\":\"https:\\\/\\\/aargauermuslime.ch\\\/de\\\/#organization\",\"name\":\"Verband Aargauer Muslime\",\"alternateName\":\"VAM\",\"url\":\"https:\\\/\\\/aargauermuslime.ch\\\/de\\\/\",\"logo\":{\"@type\":\"ImageObject\",\"inLanguage\":\"de\",\"@id\":\"https:\\\/\\\/aargauermuslime.ch\\\/de\\\/#\\\/schema\\\/logo\\\/image\\\/\",\"url\":\"https:\\\/\\\/aargauermuslime.ch\\\/de\\\/wp-content\\\/uploads\\\/2019\\\/07\\\/VAM-Logo_web.jpg\",\"contentUrl\":\"https:\\\/\\\/aargauermuslime.ch\\\/de\\\/wp-content\\\/uploads\\\/2019\\\/07\\\/VAM-Logo_web.jpg\",\"width\":800,\"height\":181,\"caption\":\"Verband Aargauer Muslime\"},\"image\":{\"@id\":\"https:\\\/\\\/aargauermuslime.ch\\\/de\\\/#\\\/schema\\\/logo\\\/image\\\/\"},\"sameAs\":[\"https:\\\/\\\/www.facebook.com\\\/groups\\\/aargauermuslime\"]}]}<\/script>\n<!-- \/ Yoast SEO plugin. -->","yoast_head_json":{"title":"5-teilige \u00f6kumenische Veranstaltungsreihe: \u00abHeimat. Oder: Wie wir beheimatet sind \u2026\u00bb (2. Abend) - Verband Aargauer Muslime (VAM)","robots":{"index":"index","follow":"follow","max-snippet":"max-snippet:-1","max-image-preview":"max-image-preview:large","max-video-preview":"max-video-preview:-1"},"canonical":"https:\/\/aargauermuslime.ch\/de\/veranstaltung\/5-teilige-oekumenische-veranstaltungsreihe-heimat-oder-wie-wir-beheimatet-sind-2-abend\/","og_locale":"de_DE","og_type":"article","og_title":"5-teilige \u00f6kumenische Veranstaltungsreihe: \u00abHeimat. Oder: Wie wir beheimatet sind \u2026\u00bb (2. Abend) - Verband Aargauer Muslime (VAM)","og_description":"F\u00fcnf offene Abende des Interreligi\u00f6sen und interkulturellen Arbeitskreises Gebenstorf (IRIKAK). Thema: Wo sind wir zu Hause, wo geh\u00f6ren wir dazu, was ist unsere \u00e4ussere und was ist unsere innere Heimat? [&hellip;]","og_url":"https:\/\/aargauermuslime.ch\/de\/veranstaltung\/5-teilige-oekumenische-veranstaltungsreihe-heimat-oder-wie-wir-beheimatet-sind-2-abend\/","og_site_name":"Verband Aargauer Muslime (VAM)","article_publisher":"https:\/\/www.facebook.com\/groups\/aargauermuslime","article_modified_time":"2023-09-30T16:24:55+00:00","og_image":[{"width":680,"height":382,"url":"https:\/\/aargauermuslime.ch\/de\/wp-content\/uploads\/2023\/09\/Beitragsbild_Heimat_Gebenstorf.jpg","type":"image\/jpeg"}],"twitter_card":"summary_large_image","twitter_misc":{"Gesch\u00e4tzte Lesezeit":"1\u00a0Minute"},"schema":{"@context":"https:\/\/schema.org","@graph":[{"@type":"WebPage","@id":"https:\/\/aargauermuslime.ch\/de\/veranstaltung\/5-teilige-oekumenische-veranstaltungsreihe-heimat-oder-wie-wir-beheimatet-sind-2-abend\/","url":"https:\/\/aargauermuslime.ch\/de\/veranstaltung\/5-teilige-oekumenische-veranstaltungsreihe-heimat-oder-wie-wir-beheimatet-sind-2-abend\/","name":"5-teilige \u00f6kumenische Veranstaltungsreihe: \u00abHeimat. Oder: Wie wir beheimatet sind \u2026\u00bb (2. Abend) - Verband Aargauer Muslime (VAM)","isPartOf":{"@id":"https:\/\/aargauermuslime.ch\/de\/#website"},"primaryImageOfPage":{"@id":"https:\/\/aargauermuslime.ch\/de\/veranstaltung\/5-teilige-oekumenische-veranstaltungsreihe-heimat-oder-wie-wir-beheimatet-sind-2-abend\/#primaryimage"},"image":{"@id":"https:\/\/aargauermuslime.ch\/de\/veranstaltung\/5-teilige-oekumenische-veranstaltungsreihe-heimat-oder-wie-wir-beheimatet-sind-2-abend\/#primaryimage"},"thumbnailUrl":"https:\/\/aargauermuslime.ch\/de\/wp-content\/uploads\/2023\/09\/Beitragsbild_Heimat_Gebenstorf.jpg","datePublished":"2023-09-30T16:20:56+00:00","dateModified":"2023-09-30T16:24:55+00:00","breadcrumb":{"@id":"https:\/\/aargauermuslime.ch\/de\/veranstaltung\/5-teilige-oekumenische-veranstaltungsreihe-heimat-oder-wie-wir-beheimatet-sind-2-abend\/#breadcrumb"},"inLanguage":"de","potentialAction":[{"@type":"ReadAction","target":["https:\/\/aargauermuslime.ch\/de\/veranstaltung\/5-teilige-oekumenische-veranstaltungsreihe-heimat-oder-wie-wir-beheimatet-sind-2-abend\/"]}]},{"@type":"ImageObject","inLanguage":"de","@id":"https:\/\/aargauermuslime.ch\/de\/veranstaltung\/5-teilige-oekumenische-veranstaltungsreihe-heimat-oder-wie-wir-beheimatet-sind-2-abend\/#primaryimage","url":"https:\/\/aargauermuslime.ch\/de\/wp-content\/uploads\/2023\/09\/Beitragsbild_Heimat_Gebenstorf.jpg","contentUrl":"https:\/\/aargauermuslime.ch\/de\/wp-content\/uploads\/2023\/09\/Beitragsbild_Heimat_Gebenstorf.jpg","width":680,"height":382},{"@type":"BreadcrumbList","@id":"https:\/\/aargauermuslime.ch\/de\/veranstaltung\/5-teilige-oekumenische-veranstaltungsreihe-heimat-oder-wie-wir-beheimatet-sind-2-abend\/#breadcrumb","itemListElement":[{"@type":"ListItem","position":1,"name":"Startseite","item":"https:\/\/aargauermuslime.ch\/de\/"},{"@type":"ListItem","position":2,"name":"Veranstaltungen","item":"https:\/\/aargauermuslime.ch\/de\/veranstaltungen\/"},{"@type":"ListItem","position":3,"name":"5-teilige \u00f6kumenische Veranstaltungsreihe: \u00abHeimat. Oder: Wie wir beheimatet sind \u2026\u00bb (2. Abend)"}]},{"@type":"WebSite","@id":"https:\/\/aargauermuslime.ch\/de\/#website","url":"https:\/\/aargauermuslime.ch\/de\/","name":"Verband Aargauer Muslime (VAM)","description":"Dachverband der muslimischen Institutionen im Aargau","publisher":{"@id":"https:\/\/aargauermuslime.ch\/de\/#organization"},"potentialAction":[{"@type":"SearchAction","target":{"@type":"EntryPoint","urlTemplate":"https:\/\/aargauermuslime.ch\/de\/?s={search_term_string}"},"query-input":{"@type":"PropertyValueSpecification","valueRequired":true,"valueName":"search_term_string"}}],"inLanguage":"de"},{"@type":"Organization","@id":"https:\/\/aargauermuslime.ch\/de\/#organization","name":"Verband Aargauer Muslime","alternateName":"VAM","url":"https:\/\/aargauermuslime.ch\/de\/","logo":{"@type":"ImageObject","inLanguage":"de","@id":"https:\/\/aargauermuslime.ch\/de\/#\/schema\/logo\/image\/","url":"https:\/\/aargauermuslime.ch\/de\/wp-content\/uploads\/2019\/07\/VAM-Logo_web.jpg","contentUrl":"https:\/\/aargauermuslime.ch\/de\/wp-content\/uploads\/2019\/07\/VAM-Logo_web.jpg","width":800,"height":181,"caption":"Verband Aargauer Muslime"},"image":{"@id":"https:\/\/aargauermuslime.ch\/de\/#\/schema\/logo\/image\/"},"sameAs":["https:\/\/www.facebook.com\/groups\/aargauermuslime"]}]}},"_links":{"self":[{"href":"https:\/\/aargauermuslime.ch\/de\/wp-json\/wp\/v2\/tribe_events\/4001","targetHints":{"allow":["GET"]}}],"collection":[{"href":"https:\/\/aargauermuslime.ch\/de\/wp-json\/wp\/v2\/tribe_events"}],"about":[{"href":"https:\/\/aargauermuslime.ch\/de\/wp-json\/wp\/v2\/types\/tribe_events"}],"author":[{"embeddable":true,"href":"https:\/\/aargauermuslime.ch\/de\/wp-json\/wp\/v2\/users\/4"}],"version-history":[{"count":2,"href":"https:\/\/aargauermuslime.ch\/de\/wp-json\/wp\/v2\/tribe_events\/4001\/revisions"}],"predecessor-version":[{"id":4010,"href":"https:\/\/aargauermuslime.ch\/de\/wp-json\/wp\/v2\/tribe_events\/4001\/revisions\/4010"}],"wp:featuredmedia":[{"embeddable":true,"href":"https:\/\/aargauermuslime.ch\/de\/wp-json\/wp\/v2\/media\/3992"}],"wp:attachment":[{"href":"https:\/\/aargauermuslime.ch\/de\/wp-json\/wp\/v2\/media?parent=4001"}],"wp:term":[{"taxonomy":"post_tag","embeddable":true,"href":"https:\/\/aargauermuslime.ch\/de\/wp-json\/wp\/v2\/tags?post=4001"},{"taxonomy":"tribe_events_cat","embeddable":true,"href":"https:\/\/aargauermuslime.ch\/de\/wp-json\/wp\/v2\/tribe_events_cat?post=4001"}],"curies":[{"name":"wp","href":"https:\/\/api.w.org\/{rel}","templated":true}]}}