{"id":4319,"date":"2025-01-21T21:59:42","date_gmt":"2025-01-21T19:59:42","guid":{"rendered":"https:\/\/aargauermuslime.ch\/de\/?post_type=tribe_events&#038;p=4319"},"modified":"2025-01-31T19:25:28","modified_gmt":"2025-01-31T17:25:28","slug":"oeffentlicher-iftar-fastenbrechen-in-aarburg","status":"publish","type":"tribe_events","link":"https:\/\/aargauermuslime.ch\/de\/veranstaltung\/oeffentlicher-iftar-fastenbrechen-in-aarburg\/","title":{"rendered":"\u00d6ffentlicher Iftar (Fastenbrechen) in Aarburg"},"content":{"rendered":"<p>Der Ramadan ist einer der wichtigsten Monate im religi\u00f6sen Leben der Muslime. Nach einem Tag voller Entbehrungen freuen sie sich, am Abend wieder essen und trinken zu k\u00f6nnen. \u00dcblicherweise wird das Fastenbrechen (arab. Iftar) im Familien- oder Freundeskreis durchgef\u00fchrt.<\/p>\n<p>Der Verband Aargauer Muslime (VAM), die Weisse und die Gr\u00fcne Moschee in Aarburg m\u00f6chten alle Mitb\u00fcrgerinnen und Mitb\u00fcrger an diesem freudigen Anlass teilhaben lassen und laden zu einem \u00f6ffentlichen Fastenbrechen ein. Der Eintritt ist frei.<\/p>\n<p>Weitere Information k\u00f6nnen diesem <a href=\"https:\/\/aargauermuslime.ch\/de\/wp-content\/uploads\/2025\/01\/VAM-Iftar_2025_Flyer_Final.pdf\" target=\"_blank\" rel=\"noopener\">Flyer<\/a> entnommen werden.<\/p>\n","protected":false},"excerpt":{"rendered":"<p>Der Ramadan ist einer der wichtigsten Monate im religi\u00f6sen Leben der Muslime. Nach einem Tag voller Entbehrungen freuen sie sich, am Abend wieder essen und trinken zu k\u00f6nnen. \u00dcblicherweise wird [&hellip;]<\/p>\n","protected":false},"author":4,"featured_media":4347,"template":"","meta":{"_et_pb_use_builder":"","_et_pb_old_content":"","_et_gb_content_width":"","ngg_post_thumbnail":0,"_tribe_events_status":"","_tribe_events_status_reason":"","footnotes":""},"tags":[],"tribe_events_cat":[],"class_list":["post-4319","tribe_events","type-tribe_events","status-publish","has-post-thumbnail","hentry"],"yoast_head":"<!-- This site is optimized with the Yoast SEO plugin v27.4 - https:\/\/yoast.com\/product\/yoast-seo-wordpress\/ -->\n<title>\u00d6ffentlicher Iftar (Fastenbrechen) in Aarburg - Verband Aargauer Muslime (VAM)<\/title>\n<meta name=\"robots\" content=\"index, follow, max-snippet:-1, max-image-preview:large, max-video-preview:-1\" \/>\n<link rel=\"canonical\" href=\"https:\/\/aargauermuslime.ch\/de\/veranstaltung\/oeffentlicher-iftar-fastenbrechen-in-aarburg\/\" \/>\n<meta property=\"og:locale\" content=\"de_DE\" \/>\n<meta property=\"og:type\" content=\"article\" \/>\n<meta property=\"og:title\" content=\"\u00d6ffentlicher Iftar (Fastenbrechen) in Aarburg - Verband Aargauer Muslime (VAM)\" \/>\n<meta property=\"og:description\" content=\"Der Ramadan ist einer der wichtigsten Monate im religi\u00f6sen Leben der Muslime. Nach einem Tag voller Entbehrungen freuen sie sich, am Abend wieder essen und trinken zu k\u00f6nnen. \u00dcblicherweise wird [&hellip;]\" \/>\n<meta property=\"og:url\" content=\"https:\/\/aargauermuslime.ch\/de\/veranstaltung\/oeffentlicher-iftar-fastenbrechen-in-aarburg\/\" \/>\n<meta property=\"og:site_name\" content=\"Verband Aargauer Muslime (VAM)\" \/>\n<meta property=\"article:publisher\" content=\"https:\/\/www.facebook.com\/groups\/aargauermuslime\" \/>\n<meta property=\"article:modified_time\" content=\"2025-01-31T17:25:28+00:00\" \/>\n<meta property=\"og:image\" content=\"https:\/\/aargauermuslime.ch\/de\/wp-content\/uploads\/2025\/01\/Oeffentlicher_Iftar_2024_Bild_12-scaled.jpg\" \/>\n\t<meta property=\"og:image:width\" content=\"2560\" \/>\n\t<meta property=\"og:image:height\" content=\"1920\" \/>\n\t<meta property=\"og:image:type\" content=\"image\/jpeg\" \/>\n<meta name=\"twitter:card\" content=\"summary_large_image\" \/>\n<meta name=\"twitter:label1\" content=\"Gesch\u00e4tzte Lesezeit\" \/>\n\t<meta name=\"twitter:data1\" content=\"1\u00a0Minute\" \/>\n<script type=\"application\/ld+json\" class=\"yoast-schema-graph\">{\"@context\":\"https:\\\/\\\/schema.org\",\"@graph\":[{\"@type\":\"WebPage\",\"@id\":\"https:\\\/\\\/aargauermuslime.ch\\\/de\\\/veranstaltung\\\/oeffentlicher-iftar-fastenbrechen-in-aarburg\\\/\",\"url\":\"https:\\\/\\\/aargauermuslime.ch\\\/de\\\/veranstaltung\\\/oeffentlicher-iftar-fastenbrechen-in-aarburg\\\/\",\"name\":\"\u00d6ffentlicher Iftar (Fastenbrechen) in Aarburg - Verband Aargauer Muslime (VAM)\",\"isPartOf\":{\"@id\":\"https:\\\/\\\/aargauermuslime.ch\\\/de\\\/#website\"},\"primaryImageOfPage\":{\"@id\":\"https:\\\/\\\/aargauermuslime.ch\\\/de\\\/veranstaltung\\\/oeffentlicher-iftar-fastenbrechen-in-aarburg\\\/#primaryimage\"},\"image\":{\"@id\":\"https:\\\/\\\/aargauermuslime.ch\\\/de\\\/veranstaltung\\\/oeffentlicher-iftar-fastenbrechen-in-aarburg\\\/#primaryimage\"},\"thumbnailUrl\":\"https:\\\/\\\/aargauermuslime.ch\\\/de\\\/wp-content\\\/uploads\\\/2025\\\/01\\\/Oeffentlicher_Iftar_2024_Bild_12-scaled.jpg\",\"datePublished\":\"2025-01-21T19:59:42+00:00\",\"dateModified\":\"2025-01-31T17:25:28+00:00\",\"breadcrumb\":{\"@id\":\"https:\\\/\\\/aargauermuslime.ch\\\/de\\\/veranstaltung\\\/oeffentlicher-iftar-fastenbrechen-in-aarburg\\\/#breadcrumb\"},\"inLanguage\":\"de\",\"potentialAction\":[{\"@type\":\"ReadAction\",\"target\":[\"https:\\\/\\\/aargauermuslime.ch\\\/de\\\/veranstaltung\\\/oeffentlicher-iftar-fastenbrechen-in-aarburg\\\/\"]}]},{\"@type\":\"ImageObject\",\"inLanguage\":\"de\",\"@id\":\"https:\\\/\\\/aargauermuslime.ch\\\/de\\\/veranstaltung\\\/oeffentlicher-iftar-fastenbrechen-in-aarburg\\\/#primaryimage\",\"url\":\"https:\\\/\\\/aargauermuslime.ch\\\/de\\\/wp-content\\\/uploads\\\/2025\\\/01\\\/Oeffentlicher_Iftar_2024_Bild_12-scaled.jpg\",\"contentUrl\":\"https:\\\/\\\/aargauermuslime.ch\\\/de\\\/wp-content\\\/uploads\\\/2025\\\/01\\\/Oeffentlicher_Iftar_2024_Bild_12-scaled.jpg\",\"width\":2560,\"height\":1920},{\"@type\":\"BreadcrumbList\",\"@id\":\"https:\\\/\\\/aargauermuslime.ch\\\/de\\\/veranstaltung\\\/oeffentlicher-iftar-fastenbrechen-in-aarburg\\\/#breadcrumb\",\"itemListElement\":[{\"@type\":\"ListItem\",\"position\":1,\"name\":\"Startseite\",\"item\":\"https:\\\/\\\/aargauermuslime.ch\\\/de\\\/\"},{\"@type\":\"ListItem\",\"position\":2,\"name\":\"Veranstaltungen\",\"item\":\"https:\\\/\\\/aargauermuslime.ch\\\/de\\\/veranstaltungen\\\/\"},{\"@type\":\"ListItem\",\"position\":3,\"name\":\"\u00d6ffentlicher Iftar (Fastenbrechen) in Aarburg\"}]},{\"@type\":\"WebSite\",\"@id\":\"https:\\\/\\\/aargauermuslime.ch\\\/de\\\/#website\",\"url\":\"https:\\\/\\\/aargauermuslime.ch\\\/de\\\/\",\"name\":\"Verband Aargauer Muslime (VAM)\",\"description\":\"Dachverband der muslimischen Institutionen im Aargau\",\"publisher\":{\"@id\":\"https:\\\/\\\/aargauermuslime.ch\\\/de\\\/#organization\"},\"potentialAction\":[{\"@type\":\"SearchAction\",\"target\":{\"@type\":\"EntryPoint\",\"urlTemplate\":\"https:\\\/\\\/aargauermuslime.ch\\\/de\\\/?s={search_term_string}\"},\"query-input\":{\"@type\":\"PropertyValueSpecification\",\"valueRequired\":true,\"valueName\":\"search_term_string\"}}],\"inLanguage\":\"de\"},{\"@type\":\"Organization\",\"@id\":\"https:\\\/\\\/aargauermuslime.ch\\\/de\\\/#organization\",\"name\":\"Verband Aargauer Muslime\",\"alternateName\":\"VAM\",\"url\":\"https:\\\/\\\/aargauermuslime.ch\\\/de\\\/\",\"logo\":{\"@type\":\"ImageObject\",\"inLanguage\":\"de\",\"@id\":\"https:\\\/\\\/aargauermuslime.ch\\\/de\\\/#\\\/schema\\\/logo\\\/image\\\/\",\"url\":\"https:\\\/\\\/aargauermuslime.ch\\\/de\\\/wp-content\\\/uploads\\\/2019\\\/07\\\/VAM-Logo_web.jpg\",\"contentUrl\":\"https:\\\/\\\/aargauermuslime.ch\\\/de\\\/wp-content\\\/uploads\\\/2019\\\/07\\\/VAM-Logo_web.jpg\",\"width\":800,\"height\":181,\"caption\":\"Verband Aargauer Muslime\"},\"image\":{\"@id\":\"https:\\\/\\\/aargauermuslime.ch\\\/de\\\/#\\\/schema\\\/logo\\\/image\\\/\"},\"sameAs\":[\"https:\\\/\\\/www.facebook.com\\\/groups\\\/aargauermuslime\"]}]}<\/script>\n<!-- \/ Yoast SEO plugin. -->","yoast_head_json":{"title":"\u00d6ffentlicher Iftar (Fastenbrechen) in Aarburg - Verband Aargauer Muslime (VAM)","robots":{"index":"index","follow":"follow","max-snippet":"max-snippet:-1","max-image-preview":"max-image-preview:large","max-video-preview":"max-video-preview:-1"},"canonical":"https:\/\/aargauermuslime.ch\/de\/veranstaltung\/oeffentlicher-iftar-fastenbrechen-in-aarburg\/","og_locale":"de_DE","og_type":"article","og_title":"\u00d6ffentlicher Iftar (Fastenbrechen) in Aarburg - Verband Aargauer Muslime (VAM)","og_description":"Der Ramadan ist einer der wichtigsten Monate im religi\u00f6sen Leben der Muslime. Nach einem Tag voller Entbehrungen freuen sie sich, am Abend wieder essen und trinken zu k\u00f6nnen. \u00dcblicherweise wird [&hellip;]","og_url":"https:\/\/aargauermuslime.ch\/de\/veranstaltung\/oeffentlicher-iftar-fastenbrechen-in-aarburg\/","og_site_name":"Verband Aargauer Muslime (VAM)","article_publisher":"https:\/\/www.facebook.com\/groups\/aargauermuslime","article_modified_time":"2025-01-31T17:25:28+00:00","og_image":[{"width":2560,"height":1920,"url":"https:\/\/aargauermuslime.ch\/de\/wp-content\/uploads\/2025\/01\/Oeffentlicher_Iftar_2024_Bild_12-scaled.jpg","type":"image\/jpeg"}],"twitter_card":"summary_large_image","twitter_misc":{"Gesch\u00e4tzte Lesezeit":"1\u00a0Minute"},"schema":{"@context":"https:\/\/schema.org","@graph":[{"@type":"WebPage","@id":"https:\/\/aargauermuslime.ch\/de\/veranstaltung\/oeffentlicher-iftar-fastenbrechen-in-aarburg\/","url":"https:\/\/aargauermuslime.ch\/de\/veranstaltung\/oeffentlicher-iftar-fastenbrechen-in-aarburg\/","name":"\u00d6ffentlicher Iftar (Fastenbrechen) in Aarburg - Verband Aargauer Muslime (VAM)","isPartOf":{"@id":"https:\/\/aargauermuslime.ch\/de\/#website"},"primaryImageOfPage":{"@id":"https:\/\/aargauermuslime.ch\/de\/veranstaltung\/oeffentlicher-iftar-fastenbrechen-in-aarburg\/#primaryimage"},"image":{"@id":"https:\/\/aargauermuslime.ch\/de\/veranstaltung\/oeffentlicher-iftar-fastenbrechen-in-aarburg\/#primaryimage"},"thumbnailUrl":"https:\/\/aargauermuslime.ch\/de\/wp-content\/uploads\/2025\/01\/Oeffentlicher_Iftar_2024_Bild_12-scaled.jpg","datePublished":"2025-01-21T19:59:42+00:00","dateModified":"2025-01-31T17:25:28+00:00","breadcrumb":{"@id":"https:\/\/aargauermuslime.ch\/de\/veranstaltung\/oeffentlicher-iftar-fastenbrechen-in-aarburg\/#breadcrumb"},"inLanguage":"de","potentialAction":[{"@type":"ReadAction","target":["https:\/\/aargauermuslime.ch\/de\/veranstaltung\/oeffentlicher-iftar-fastenbrechen-in-aarburg\/"]}]},{"@type":"ImageObject","inLanguage":"de","@id":"https:\/\/aargauermuslime.ch\/de\/veranstaltung\/oeffentlicher-iftar-fastenbrechen-in-aarburg\/#primaryimage","url":"https:\/\/aargauermuslime.ch\/de\/wp-content\/uploads\/2025\/01\/Oeffentlicher_Iftar_2024_Bild_12-scaled.jpg","contentUrl":"https:\/\/aargauermuslime.ch\/de\/wp-content\/uploads\/2025\/01\/Oeffentlicher_Iftar_2024_Bild_12-scaled.jpg","width":2560,"height":1920},{"@type":"BreadcrumbList","@id":"https:\/\/aargauermuslime.ch\/de\/veranstaltung\/oeffentlicher-iftar-fastenbrechen-in-aarburg\/#breadcrumb","itemListElement":[{"@type":"ListItem","position":1,"name":"Startseite","item":"https:\/\/aargauermuslime.ch\/de\/"},{"@type":"ListItem","position":2,"name":"Veranstaltungen","item":"https:\/\/aargauermuslime.ch\/de\/veranstaltungen\/"},{"@type":"ListItem","position":3,"name":"\u00d6ffentlicher Iftar (Fastenbrechen) in Aarburg"}]},{"@type":"WebSite","@id":"https:\/\/aargauermuslime.ch\/de\/#website","url":"https:\/\/aargauermuslime.ch\/de\/","name":"Verband Aargauer Muslime (VAM)","description":"Dachverband der muslimischen Institutionen im Aargau","publisher":{"@id":"https:\/\/aargauermuslime.ch\/de\/#organization"},"potentialAction":[{"@type":"SearchAction","target":{"@type":"EntryPoint","urlTemplate":"https:\/\/aargauermuslime.ch\/de\/?s={search_term_string}"},"query-input":{"@type":"PropertyValueSpecification","valueRequired":true,"valueName":"search_term_string"}}],"inLanguage":"de"},{"@type":"Organization","@id":"https:\/\/aargauermuslime.ch\/de\/#organization","name":"Verband Aargauer Muslime","alternateName":"VAM","url":"https:\/\/aargauermuslime.ch\/de\/","logo":{"@type":"ImageObject","inLanguage":"de","@id":"https:\/\/aargauermuslime.ch\/de\/#\/schema\/logo\/image\/","url":"https:\/\/aargauermuslime.ch\/de\/wp-content\/uploads\/2019\/07\/VAM-Logo_web.jpg","contentUrl":"https:\/\/aargauermuslime.ch\/de\/wp-content\/uploads\/2019\/07\/VAM-Logo_web.jpg","width":800,"height":181,"caption":"Verband Aargauer Muslime"},"image":{"@id":"https:\/\/aargauermuslime.ch\/de\/#\/schema\/logo\/image\/"},"sameAs":["https:\/\/www.facebook.com\/groups\/aargauermuslime"]}]}},"_links":{"self":[{"href":"https:\/\/aargauermuslime.ch\/de\/wp-json\/wp\/v2\/tribe_events\/4319","targetHints":{"allow":["GET"]}}],"collection":[{"href":"https:\/\/aargauermuslime.ch\/de\/wp-json\/wp\/v2\/tribe_events"}],"about":[{"href":"https:\/\/aargauermuslime.ch\/de\/wp-json\/wp\/v2\/types\/tribe_events"}],"author":[{"embeddable":true,"href":"https:\/\/aargauermuslime.ch\/de\/wp-json\/wp\/v2\/users\/4"}],"version-history":[{"count":2,"href":"https:\/\/aargauermuslime.ch\/de\/wp-json\/wp\/v2\/tribe_events\/4319\/revisions"}],"predecessor-version":[{"id":4350,"href":"https:\/\/aargauermuslime.ch\/de\/wp-json\/wp\/v2\/tribe_events\/4319\/revisions\/4350"}],"wp:featuredmedia":[{"embeddable":true,"href":"https:\/\/aargauermuslime.ch\/de\/wp-json\/wp\/v2\/media\/4347"}],"wp:attachment":[{"href":"https:\/\/aargauermuslime.ch\/de\/wp-json\/wp\/v2\/media?parent=4319"}],"wp:term":[{"taxonomy":"post_tag","embeddable":true,"href":"https:\/\/aargauermuslime.ch\/de\/wp-json\/wp\/v2\/tags?post=4319"},{"taxonomy":"tribe_events_cat","embeddable":true,"href":"https:\/\/aargauermuslime.ch\/de\/wp-json\/wp\/v2\/tribe_events_cat?post=4319"}],"curies":[{"name":"wp","href":"https:\/\/api.w.org\/{rel}","templated":true}]}}